{"id":938,"date":"2022-10-26T09:13:11","date_gmt":"2022-10-26T07:13:11","guid":{"rendered":"https:\/\/9editions.com\/boutique\/?post_type=product&#038;p=938"},"modified":"2026-03-02T13:49:23","modified_gmt":"2026-03-02T12:49:23","slug":"le-miroir-de-wintou-livre-agrafe","status":"publish","type":"product","link":"https:\/\/9editions.com\/boutique\/produit\/le-miroir-de-wintou-livre-agrafe\/","title":{"rendered":"Le Miroir de Wintou (Livre agraf\u00e9)"},"content":{"rendered":"<p>C\u2019est un conte qui nous conduit chez les Am\u00e9rindiens au coeur d\u2019une relation entre un petit gar\u00e7on qui apprend \u00e0 regarder le monde sous le regard sage et bienveillant de son grand-p\u00e8re, chef du village.<\/p>\n<p>L\u2019intention de l\u2019auteur :<\/p>\n<p>Tout droit sorti de mon coeur et au regard de mes exp\u00e9riences de vie et de th\u00e9rapeute, ce conte a germ\u00e9 comme un outil magnifique pour faire rayonner mes pens\u00e9es afin que les parents de demain soient \u00e0 la hauteur des enfants de l\u2019avenir.<\/p>\n<p>Nous r\u00e9coltons dans le monde d\u2019aujourd\u2019hui ce qui a \u00e9t\u00e9 sem\u00e9 dans le pass\u00e9. Si nous voulons que le futur se d\u00e9roule dans la paix, c\u2019est dans le pr\u00e9sent et le coeur de chaque \u00eatre humain qu\u2019il doit \u00eatre cr\u00e9\u00e9. C\u2019est maintenant que tout se passe et que parents et enfants peuvent s\u2019\u00e9veiller&#8230;<\/p>\n","protected":false},"excerpt":{"rendered":"<p>C\u2019est un conte qui nous conduit chez les Am\u00e9rindiens au coeur d\u2019une relation entre un petit gar\u00e7on qui apprend \u00e0 regarder le monde sous le regard sage et bienveillant de son grand-p\u00e8re, chef du village.<\/p>\n<p>Tout droit sorti de mon coeur et au regard de mes exp\u00e9riences de vie et de th\u00e9rapeute, ce conte a germ\u00e9 comme un outil magnifique pour faire rayonner mes pens\u00e9es afin que les parents de demain soient \u00e0 la hauteur des enfants de l\u2019avenir.<\/p>\n<p>Nous r\u00e9coltons dans le monde d\u2019aujourd\u2019hui ce qui a \u00e9t\u00e9 sem\u00e9 dans le pass\u00e9. Si nous voulons que le futur se d\u00e9roule dans la paix, c\u2019est dans le pr\u00e9sent et le coeur de chaque \u00eatre humain qu\u2019il doit \u00eatre cr\u00e9\u00e9. C\u2019est maintenant que tout se passe et que parents et enfants peuvent s\u2019\u00e9veiller&#8230;<\/p>\n","protected":false},"featured_media":939,"comment_status":"open","ping_status":"closed","template":"","meta":[],"product_brand":[],"product_cat":[36,170],"product_tag":[171,173,176,174,172,175],"class_list":{"0":"post-938","1":"product","2":"type-product","3":"status-publish","6":"product_cat-aventures","7":"product_cat-jeunesse","8":"product_tag-contes-pour-enfants","9":"product_tag-fabrice-allia","10":"product_tag-heritage","11":"product_tag-le-miroir-de-wintou","12":"product_tag-livre-agrafe","13":"product_tag-transmission-de-savoir","14":"product_shipping_class-livre","16":"first","17":"instock","18":"purchasable","19":"product-type-simple"},"yoast_head":"<!-- This site is optimized with the Yoast SEO plugin v27.3 - https:\/\/yoast.com\/product\/yoast-seo-wordpress\/ -->\n<title>Le Miroir de Wintou (Livre agraf\u00e9) - 9 \u00e9ditions<\/title>\n<meta name=\"description\" content=\"D\u00e9couvrez ce magnifique conte pour enfants \u00e9crit par Fabrice Allia, votre enfant pourra le lire seul ou partager ce moment avec ses parents.\" \/>\n<meta name=\"robots\" content=\"index, follow, max-snippet:-1, max-image-preview:large, max-video-preview:-1\" \/>\n<link rel=\"canonical\" href=\"https:\/\/9editions.com\/boutique\/produit\/le-miroir-de-wintou-livre-agrafe\/\" \/>\n<meta property=\"og:locale\" content=\"fr_FR\" \/>\n<meta property=\"og:type\" content=\"article\" \/>\n<meta property=\"og:title\" content=\"Le Miroir de Wintou (Livre agraf\u00e9) - 9 \u00e9ditions\" \/>\n<meta property=\"og:description\" content=\"D\u00e9couvrez ce magnifique conte pour enfants \u00e9crit par Fabrice Allia, votre enfant pourra le lire seul ou partager ce moment avec ses parents.\" \/>\n<meta property=\"og:url\" content=\"https:\/\/9editions.com\/boutique\/produit\/le-miroir-de-wintou-livre-agrafe\/\" \/>\n<meta property=\"og:site_name\" content=\"9 \u00e9ditions\" \/>\n<meta property=\"article:publisher\" content=\"https:\/\/www.facebook.com\/9editions?ref=bookmarks\" \/>\n<meta property=\"article:modified_time\" content=\"2026-03-02T12:49:23+00:00\" \/>\n<meta property=\"og:image\" content=\"https:\/\/9editions.com\/boutique\/wp-content\/uploads\/2022\/10\/9782377270712-scaled.jpg\" \/>\n\t<meta property=\"og:image:width\" content=\"2560\" \/>\n\t<meta property=\"og:image:height\" content=\"1856\" \/>\n\t<meta property=\"og:image:type\" content=\"image\/jpeg\" \/>\n<meta name=\"twitter:card\" content=\"summary_large_image\" \/>\n<meta name=\"twitter:site\" content=\"@9_editions\" \/>\n<script type=\"application\/ld+json\" class=\"yoast-schema-graph\">{\"@context\":\"https:\\\/\\\/schema.org\",\"@graph\":[{\"@type\":\"WebPage\",\"@id\":\"https:\\\/\\\/9editions.com\\\/boutique\\\/produit\\\/le-miroir-de-wintou-livre-agrafe\\\/\",\"url\":\"https:\\\/\\\/9editions.com\\\/boutique\\\/produit\\\/le-miroir-de-wintou-livre-agrafe\\\/\",\"name\":\"Le Miroir de Wintou (Livre agraf\u00e9) - 9 \u00e9ditions\",\"isPartOf\":{\"@id\":\"https:\\\/\\\/9editions.com\\\/boutique\\\/#website\"},\"primaryImageOfPage\":{\"@id\":\"https:\\\/\\\/9editions.com\\\/boutique\\\/produit\\\/le-miroir-de-wintou-livre-agrafe\\\/#primaryimage\"},\"image\":{\"@id\":\"https:\\\/\\\/9editions.com\\\/boutique\\\/produit\\\/le-miroir-de-wintou-livre-agrafe\\\/#primaryimage\"},\"thumbnailUrl\":\"https:\\\/\\\/9editions.com\\\/boutique\\\/wp-content\\\/uploads\\\/2022\\\/10\\\/9782377270712-scaled.jpg\",\"datePublished\":\"2022-10-26T07:13:11+00:00\",\"dateModified\":\"2026-03-02T12:49:23+00:00\",\"description\":\"D\u00e9couvrez ce magnifique conte pour enfants \u00e9crit par Fabrice Allia, votre enfant pourra le lire seul ou partager ce moment avec ses parents.\",\"breadcrumb\":{\"@id\":\"https:\\\/\\\/9editions.com\\\/boutique\\\/produit\\\/le-miroir-de-wintou-livre-agrafe\\\/#breadcrumb\"},\"inLanguage\":\"fr-FR\",\"potentialAction\":[{\"@type\":\"ReadAction\",\"target\":[\"https:\\\/\\\/9editions.com\\\/boutique\\\/produit\\\/le-miroir-de-wintou-livre-agrafe\\\/\"]}]},{\"@type\":\"ImageObject\",\"inLanguage\":\"fr-FR\",\"@id\":\"https:\\\/\\\/9editions.com\\\/boutique\\\/produit\\\/le-miroir-de-wintou-livre-agrafe\\\/#primaryimage\",\"url\":\"https:\\\/\\\/9editions.com\\\/boutique\\\/wp-content\\\/uploads\\\/2022\\\/10\\\/9782377270712-scaled.jpg\",\"contentUrl\":\"https:\\\/\\\/9editions.com\\\/boutique\\\/wp-content\\\/uploads\\\/2022\\\/10\\\/9782377270712-scaled.jpg\",\"width\":2560,\"height\":1856},{\"@type\":\"BreadcrumbList\",\"@id\":\"https:\\\/\\\/9editions.com\\\/boutique\\\/produit\\\/le-miroir-de-wintou-livre-agrafe\\\/#breadcrumb\",\"itemListElement\":[{\"@type\":\"ListItem\",\"position\":1,\"name\":\"Accueil\",\"item\":\"https:\\\/\\\/9editions.com\\\/boutique\\\/\"},{\"@type\":\"ListItem\",\"position\":2,\"name\":\"Boutique\",\"item\":\"https:\\\/\\\/9editions.com\\\/boutique\\\/\"},{\"@type\":\"ListItem\",\"position\":3,\"name\":\"Le Miroir de Wintou (Livre agraf\u00e9)\"}]},{\"@type\":\"WebSite\",\"@id\":\"https:\\\/\\\/9editions.com\\\/boutique\\\/#website\",\"url\":\"https:\\\/\\\/9editions.com\\\/boutique\\\/\",\"name\":\"9 \u00e9ditions\",\"description\":\"La maison d&#039;\u00e9dition au c\u00f4t\u00e9 des auteurs\",\"publisher\":{\"@id\":\"https:\\\/\\\/9editions.com\\\/boutique\\\/#organization\"},\"potentialAction\":[{\"@type\":\"SearchAction\",\"target\":{\"@type\":\"EntryPoint\",\"urlTemplate\":\"https:\\\/\\\/9editions.com\\\/boutique\\\/?s={search_term_string}\"},\"query-input\":{\"@type\":\"PropertyValueSpecification\",\"valueRequired\":true,\"valueName\":\"search_term_string\"}}],\"inLanguage\":\"fr-FR\"},{\"@type\":\"Organization\",\"@id\":\"https:\\\/\\\/9editions.com\\\/boutique\\\/#organization\",\"name\":\"9 \u00e9ditions\",\"url\":\"https:\\\/\\\/9editions.com\\\/boutique\\\/\",\"logo\":{\"@type\":\"ImageObject\",\"inLanguage\":\"fr-FR\",\"@id\":\"https:\\\/\\\/9editions.com\\\/boutique\\\/#\\\/schema\\\/logo\\\/image\\\/\",\"url\":\"https:\\\/\\\/9editions.com\\\/boutique\\\/wp-content\\\/uploads\\\/2020\\\/03\\\/cropped-9-editions-logo-amazon.jpg\",\"contentUrl\":\"https:\\\/\\\/9editions.com\\\/boutique\\\/wp-content\\\/uploads\\\/2020\\\/03\\\/cropped-9-editions-logo-amazon.jpg\",\"width\":120,\"height\":30,\"caption\":\"9 \u00e9ditions\"},\"image\":{\"@id\":\"https:\\\/\\\/9editions.com\\\/boutique\\\/#\\\/schema\\\/logo\\\/image\\\/\"},\"sameAs\":[\"https:\\\/\\\/www.facebook.com\\\/9editions?ref=bookmarks\",\"https:\\\/\\\/x.com\\\/9_editions\",\"https:\\\/\\\/www.instagram.com\\\/9editions_\\\/\"]}]}<\/script>\n<!-- \/ Yoast SEO plugin. -->","yoast_head_json":{"title":"Le Miroir de Wintou (Livre agraf\u00e9) - 9 \u00e9ditions","description":"D\u00e9couvrez ce magnifique conte pour enfants \u00e9crit par Fabrice Allia, votre enfant pourra le lire seul ou partager ce moment avec ses parents.","robots":{"index":"index","follow":"follow","max-snippet":"max-snippet:-1","max-image-preview":"max-image-preview:large","max-video-preview":"max-video-preview:-1"},"canonical":"https:\/\/9editions.com\/boutique\/produit\/le-miroir-de-wintou-livre-agrafe\/","og_locale":"fr_FR","og_type":"article","og_title":"Le Miroir de Wintou (Livre agraf\u00e9) - 9 \u00e9ditions","og_description":"D\u00e9couvrez ce magnifique conte pour enfants \u00e9crit par Fabrice Allia, votre enfant pourra le lire seul ou partager ce moment avec ses parents.","og_url":"https:\/\/9editions.com\/boutique\/produit\/le-miroir-de-wintou-livre-agrafe\/","og_site_name":"9 \u00e9ditions","article_publisher":"https:\/\/www.facebook.com\/9editions?ref=bookmarks","article_modified_time":"2026-03-02T12:49:23+00:00","og_image":[{"width":2560,"height":1856,"url":"https:\/\/9editions.com\/boutique\/wp-content\/uploads\/2022\/10\/9782377270712-scaled.jpg","type":"image\/jpeg"}],"twitter_card":"summary_large_image","twitter_site":"@9_editions","schema":{"@context":"https:\/\/schema.org","@graph":[{"@type":"WebPage","@id":"https:\/\/9editions.com\/boutique\/produit\/le-miroir-de-wintou-livre-agrafe\/","url":"https:\/\/9editions.com\/boutique\/produit\/le-miroir-de-wintou-livre-agrafe\/","name":"Le Miroir de Wintou (Livre agraf\u00e9) - 9 \u00e9ditions","isPartOf":{"@id":"https:\/\/9editions.com\/boutique\/#website"},"primaryImageOfPage":{"@id":"https:\/\/9editions.com\/boutique\/produit\/le-miroir-de-wintou-livre-agrafe\/#primaryimage"},"image":{"@id":"https:\/\/9editions.com\/boutique\/produit\/le-miroir-de-wintou-livre-agrafe\/#primaryimage"},"thumbnailUrl":"https:\/\/9editions.com\/boutique\/wp-content\/uploads\/2022\/10\/9782377270712-scaled.jpg","datePublished":"2022-10-26T07:13:11+00:00","dateModified":"2026-03-02T12:49:23+00:00","description":"D\u00e9couvrez ce magnifique conte pour enfants \u00e9crit par Fabrice Allia, votre enfant pourra le lire seul ou partager ce moment avec ses parents.","breadcrumb":{"@id":"https:\/\/9editions.com\/boutique\/produit\/le-miroir-de-wintou-livre-agrafe\/#breadcrumb"},"inLanguage":"fr-FR","potentialAction":[{"@type":"ReadAction","target":["https:\/\/9editions.com\/boutique\/produit\/le-miroir-de-wintou-livre-agrafe\/"]}]},{"@type":"ImageObject","inLanguage":"fr-FR","@id":"https:\/\/9editions.com\/boutique\/produit\/le-miroir-de-wintou-livre-agrafe\/#primaryimage","url":"https:\/\/9editions.com\/boutique\/wp-content\/uploads\/2022\/10\/9782377270712-scaled.jpg","contentUrl":"https:\/\/9editions.com\/boutique\/wp-content\/uploads\/2022\/10\/9782377270712-scaled.jpg","width":2560,"height":1856},{"@type":"BreadcrumbList","@id":"https:\/\/9editions.com\/boutique\/produit\/le-miroir-de-wintou-livre-agrafe\/#breadcrumb","itemListElement":[{"@type":"ListItem","position":1,"name":"Accueil","item":"https:\/\/9editions.com\/boutique\/"},{"@type":"ListItem","position":2,"name":"Boutique","item":"https:\/\/9editions.com\/boutique\/"},{"@type":"ListItem","position":3,"name":"Le Miroir de Wintou (Livre agraf\u00e9)"}]},{"@type":"WebSite","@id":"https:\/\/9editions.com\/boutique\/#website","url":"https:\/\/9editions.com\/boutique\/","name":"9 \u00e9ditions","description":"La maison d&#039;\u00e9dition au c\u00f4t\u00e9 des auteurs","publisher":{"@id":"https:\/\/9editions.com\/boutique\/#organization"},"potentialAction":[{"@type":"SearchAction","target":{"@type":"EntryPoint","urlTemplate":"https:\/\/9editions.com\/boutique\/?s={search_term_string}"},"query-input":{"@type":"PropertyValueSpecification","valueRequired":true,"valueName":"search_term_string"}}],"inLanguage":"fr-FR"},{"@type":"Organization","@id":"https:\/\/9editions.com\/boutique\/#organization","name":"9 \u00e9ditions","url":"https:\/\/9editions.com\/boutique\/","logo":{"@type":"ImageObject","inLanguage":"fr-FR","@id":"https:\/\/9editions.com\/boutique\/#\/schema\/logo\/image\/","url":"https:\/\/9editions.com\/boutique\/wp-content\/uploads\/2020\/03\/cropped-9-editions-logo-amazon.jpg","contentUrl":"https:\/\/9editions.com\/boutique\/wp-content\/uploads\/2020\/03\/cropped-9-editions-logo-amazon.jpg","width":120,"height":30,"caption":"9 \u00e9ditions"},"image":{"@id":"https:\/\/9editions.com\/boutique\/#\/schema\/logo\/image\/"},"sameAs":["https:\/\/www.facebook.com\/9editions?ref=bookmarks","https:\/\/x.com\/9_editions","https:\/\/www.instagram.com\/9editions_\/"]}]}},"jetpack_sharing_enabled":true,"_links":{"self":[{"href":"https:\/\/9editions.com\/boutique\/wp-json\/wp\/v2\/product\/938","targetHints":{"allow":["GET"]}}],"collection":[{"href":"https:\/\/9editions.com\/boutique\/wp-json\/wp\/v2\/product"}],"about":[{"href":"https:\/\/9editions.com\/boutique\/wp-json\/wp\/v2\/types\/product"}],"replies":[{"embeddable":true,"href":"https:\/\/9editions.com\/boutique\/wp-json\/wp\/v2\/comments?post=938"}],"wp:featuredmedia":[{"embeddable":true,"href":"https:\/\/9editions.com\/boutique\/wp-json\/wp\/v2\/media\/939"}],"wp:attachment":[{"href":"https:\/\/9editions.com\/boutique\/wp-json\/wp\/v2\/media?parent=938"}],"wp:term":[{"taxonomy":"product_brand","embeddable":true,"href":"https:\/\/9editions.com\/boutique\/wp-json\/wp\/v2\/product_brand?post=938"},{"taxonomy":"product_cat","embeddable":true,"href":"https:\/\/9editions.com\/boutique\/wp-json\/wp\/v2\/product_cat?post=938"},{"taxonomy":"product_tag","embeddable":true,"href":"https:\/\/9editions.com\/boutique\/wp-json\/wp\/v2\/product_tag?post=938"}],"curies":[{"name":"wp","href":"https:\/\/api.w.org\/{rel}","templated":true}]}}