{"id":3116,"date":"2026-04-14T10:17:20","date_gmt":"2026-04-14T08:17:20","guid":{"rendered":"https:\/\/9editions.com\/boutique\/?post_type=product&#038;p=3116"},"modified":"2026-04-14T10:17:21","modified_gmt":"2026-04-14T08:17:21","slug":"mon-coeur-dans-la-tempete","status":"publish","type":"product","link":"https:\/\/9editions.com\/boutique\/produit\/mon-coeur-dans-la-tempete\/","title":{"rendered":"Mon c\u0153ur dans la temp\u00eate"},"content":{"rendered":"<p>Ce livre raconte ce que j\u2019ai v\u00e9cu, les \u00e9preuves que j\u2019ai travers\u00e9es et le chemin que j\u2019ai parcouru pour m\u2019en sortir.<\/p>\n<p>\u00c0 travers mon histoire personnelle, je montre qu\u2019il est possible de se relever, m\u00eame apr\u00e8s les moments les plus difficiles.<\/p>\n<p>J\u2019y partage aussi des conseils et des pistes concr\u00e8tes pour aider celles et ceux qui vivent des situations similaires, afin qu\u2019ils puissent \u00e0 leur tour trouver la force d\u2019avancer et de s\u2019en sortir.<\/p>\n","protected":false},"excerpt":{"rendered":"<p>Zo\u00e9 a travers\u00e9 de nombreuses \u00e9preuves dans sa vie, mais elle a toujours su trouver la force de se relever. Son parcours est un t\u00e9moignage de courage et de pers\u00e9v\u00e9rance.<\/p>\n<p>\u00c0 travers ses exp\u00e9riences, elle a appris \u00e0 surmonter les obstacles et \u00e0 transformer ses difficult\u00e9s en le\u00e7ons de vie. Dans ce livre, Zo\u00e9 partage son histoire et offre des conseils concrets pour aider ceux qui traversent des moments difficiles \u00e0 trouver eux aussi le chemin de la r\u00e9silience. Son objectif est simple : montrer qu\u2019il est possible de s\u2019en sortir et de retrouver espoir, m\u00eame apr\u00e8s les p\u00e9riodes les plus sombres.<\/p>\n","protected":false},"featured_media":3117,"comment_status":"open","ping_status":"closed","template":"","meta":[],"product_brand":[533],"product_cat":[20,32,80],"product_tag":[534,536,539,538,281,535,540,112,537],"class_list":{"0":"post-3116","1":"product","2":"type-product","3":"status-publish","6":"product_brand-9-editions","7":"product_cat-biographie","8":"product_cat-livre-broche","9":"product_cat-societe","10":"product_tag-adolescence","11":"product_tag-agression","12":"product_tag-collegiens","13":"product_tag-conseils","14":"product_tag-espoir","15":"product_tag-harcelement","16":"product_tag-lyceen","17":"product_tag-temoignage","18":"product_tag-viol","19":"product_shipping_class-livre","21":"first","22":"instock","23":"purchasable","24":"product-type-simple"},"yoast_head":"<!-- This site is optimized with the Yoast SEO plugin v27.3 - https:\/\/yoast.com\/product\/yoast-seo-wordpress\/ -->\n<title>Mon c\u0153ur dans la temp\u00eate - 9 \u00e9ditions<\/title>\n<meta name=\"description\" content=\"Mon c\u0153ur dans la temp\u00eate t\u00e9moignage de Zo\u00e9 Chapat jeune fille courageuse qui partage ses exp\u00e9riences (harc\u00e8lement, viol) pour apporter des conseils pr\u00e9cieux\" \/>\n<meta name=\"robots\" content=\"index, follow, max-snippet:-1, max-image-preview:large, max-video-preview:-1\" \/>\n<link rel=\"canonical\" href=\"https:\/\/9editions.com\/boutique\/produit\/mon-coeur-dans-la-tempete\/\" \/>\n<meta property=\"og:locale\" content=\"fr_FR\" \/>\n<meta property=\"og:type\" content=\"article\" \/>\n<meta property=\"og:title\" content=\"Mon c\u0153ur dans la temp\u00eate - 9 \u00e9ditions\" \/>\n<meta property=\"og:description\" content=\"Mon c\u0153ur dans la temp\u00eate t\u00e9moignage de Zo\u00e9 Chapat jeune fille courageuse qui partage ses exp\u00e9riences (harc\u00e8lement, viol) pour apporter des conseils pr\u00e9cieux\" \/>\n<meta property=\"og:url\" content=\"https:\/\/9editions.com\/boutique\/produit\/mon-coeur-dans-la-tempete\/\" \/>\n<meta property=\"og:site_name\" content=\"9 \u00e9ditions\" \/>\n<meta property=\"article:publisher\" content=\"https:\/\/www.facebook.com\/9editions?ref=bookmarks\" \/>\n<meta property=\"article:modified_time\" content=\"2026-04-14T08:17:21+00:00\" \/>\n<meta property=\"og:image\" content=\"https:\/\/9editions.com\/boutique\/wp-content\/uploads\/2026\/04\/9782377272068_1.jpg\" \/>\n\t<meta property=\"og:image:width\" content=\"1714\" \/>\n\t<meta property=\"og:image:height\" content=\"2364\" \/>\n\t<meta property=\"og:image:type\" content=\"image\/jpeg\" \/>\n<meta name=\"twitter:card\" content=\"summary_large_image\" \/>\n<meta name=\"twitter:site\" content=\"@9_editions\" \/>\n<meta name=\"twitter:label1\" content=\"Dur\u00e9e de lecture estim\u00e9e\" \/>\n\t<meta name=\"twitter:data1\" content=\"1 minute\" \/>\n<script type=\"application\/ld+json\" class=\"yoast-schema-graph\">{\"@context\":\"https:\\\/\\\/schema.org\",\"@graph\":[{\"@type\":\"WebPage\",\"@id\":\"https:\\\/\\\/9editions.com\\\/boutique\\\/produit\\\/mon-coeur-dans-la-tempete\\\/\",\"url\":\"https:\\\/\\\/9editions.com\\\/boutique\\\/produit\\\/mon-coeur-dans-la-tempete\\\/\",\"name\":\"Mon c\u0153ur dans la temp\u00eate - 9 \u00e9ditions\",\"isPartOf\":{\"@id\":\"https:\\\/\\\/9editions.com\\\/boutique\\\/#website\"},\"primaryImageOfPage\":{\"@id\":\"https:\\\/\\\/9editions.com\\\/boutique\\\/produit\\\/mon-coeur-dans-la-tempete\\\/#primaryimage\"},\"image\":{\"@id\":\"https:\\\/\\\/9editions.com\\\/boutique\\\/produit\\\/mon-coeur-dans-la-tempete\\\/#primaryimage\"},\"thumbnailUrl\":\"https:\\\/\\\/9editions.com\\\/boutique\\\/wp-content\\\/uploads\\\/2026\\\/04\\\/9782377272068_1.jpg\",\"datePublished\":\"2026-04-14T08:17:20+00:00\",\"dateModified\":\"2026-04-14T08:17:21+00:00\",\"description\":\"Mon c\u0153ur dans la temp\u00eate t\u00e9moignage de Zo\u00e9 Chapat jeune fille courageuse qui partage ses exp\u00e9riences (harc\u00e8lement, viol) pour apporter des conseils pr\u00e9cieux\",\"breadcrumb\":{\"@id\":\"https:\\\/\\\/9editions.com\\\/boutique\\\/produit\\\/mon-coeur-dans-la-tempete\\\/#breadcrumb\"},\"inLanguage\":\"fr-FR\",\"potentialAction\":[{\"@type\":\"ReadAction\",\"target\":[\"https:\\\/\\\/9editions.com\\\/boutique\\\/produit\\\/mon-coeur-dans-la-tempete\\\/\"]}]},{\"@type\":\"ImageObject\",\"inLanguage\":\"fr-FR\",\"@id\":\"https:\\\/\\\/9editions.com\\\/boutique\\\/produit\\\/mon-coeur-dans-la-tempete\\\/#primaryimage\",\"url\":\"https:\\\/\\\/9editions.com\\\/boutique\\\/wp-content\\\/uploads\\\/2026\\\/04\\\/9782377272068_1.jpg\",\"contentUrl\":\"https:\\\/\\\/9editions.com\\\/boutique\\\/wp-content\\\/uploads\\\/2026\\\/04\\\/9782377272068_1.jpg\",\"width\":1714,\"height\":2364},{\"@type\":\"BreadcrumbList\",\"@id\":\"https:\\\/\\\/9editions.com\\\/boutique\\\/produit\\\/mon-coeur-dans-la-tempete\\\/#breadcrumb\",\"itemListElement\":[{\"@type\":\"ListItem\",\"position\":1,\"name\":\"Accueil\",\"item\":\"https:\\\/\\\/9editions.com\\\/boutique\\\/\"},{\"@type\":\"ListItem\",\"position\":2,\"name\":\"Boutique\",\"item\":\"https:\\\/\\\/9editions.com\\\/boutique\\\/\"},{\"@type\":\"ListItem\",\"position\":3,\"name\":\"Mon c\u0153ur dans la temp\u00eate\"}]},{\"@type\":\"WebSite\",\"@id\":\"https:\\\/\\\/9editions.com\\\/boutique\\\/#website\",\"url\":\"https:\\\/\\\/9editions.com\\\/boutique\\\/\",\"name\":\"9 \u00e9ditions\",\"description\":\"La maison d&#039;\u00e9dition au c\u00f4t\u00e9 des auteurs\",\"publisher\":{\"@id\":\"https:\\\/\\\/9editions.com\\\/boutique\\\/#organization\"},\"potentialAction\":[{\"@type\":\"SearchAction\",\"target\":{\"@type\":\"EntryPoint\",\"urlTemplate\":\"https:\\\/\\\/9editions.com\\\/boutique\\\/?s={search_term_string}\"},\"query-input\":{\"@type\":\"PropertyValueSpecification\",\"valueRequired\":true,\"valueName\":\"search_term_string\"}}],\"inLanguage\":\"fr-FR\"},{\"@type\":\"Organization\",\"@id\":\"https:\\\/\\\/9editions.com\\\/boutique\\\/#organization\",\"name\":\"9 \u00e9ditions\",\"url\":\"https:\\\/\\\/9editions.com\\\/boutique\\\/\",\"logo\":{\"@type\":\"ImageObject\",\"inLanguage\":\"fr-FR\",\"@id\":\"https:\\\/\\\/9editions.com\\\/boutique\\\/#\\\/schema\\\/logo\\\/image\\\/\",\"url\":\"https:\\\/\\\/9editions.com\\\/boutique\\\/wp-content\\\/uploads\\\/2020\\\/03\\\/cropped-9-editions-logo-amazon.jpg\",\"contentUrl\":\"https:\\\/\\\/9editions.com\\\/boutique\\\/wp-content\\\/uploads\\\/2020\\\/03\\\/cropped-9-editions-logo-amazon.jpg\",\"width\":120,\"height\":30,\"caption\":\"9 \u00e9ditions\"},\"image\":{\"@id\":\"https:\\\/\\\/9editions.com\\\/boutique\\\/#\\\/schema\\\/logo\\\/image\\\/\"},\"sameAs\":[\"https:\\\/\\\/www.facebook.com\\\/9editions?ref=bookmarks\",\"https:\\\/\\\/x.com\\\/9_editions\",\"https:\\\/\\\/www.instagram.com\\\/9editions_\\\/\"]}]}<\/script>\n<!-- \/ Yoast SEO plugin. -->","yoast_head_json":{"title":"Mon c\u0153ur dans la temp\u00eate - 9 \u00e9ditions","description":"Mon c\u0153ur dans la temp\u00eate t\u00e9moignage de Zo\u00e9 Chapat jeune fille courageuse qui partage ses exp\u00e9riences (harc\u00e8lement, viol) pour apporter des conseils pr\u00e9cieux","robots":{"index":"index","follow":"follow","max-snippet":"max-snippet:-1","max-image-preview":"max-image-preview:large","max-video-preview":"max-video-preview:-1"},"canonical":"https:\/\/9editions.com\/boutique\/produit\/mon-coeur-dans-la-tempete\/","og_locale":"fr_FR","og_type":"article","og_title":"Mon c\u0153ur dans la temp\u00eate - 9 \u00e9ditions","og_description":"Mon c\u0153ur dans la temp\u00eate t\u00e9moignage de Zo\u00e9 Chapat jeune fille courageuse qui partage ses exp\u00e9riences (harc\u00e8lement, viol) pour apporter des conseils pr\u00e9cieux","og_url":"https:\/\/9editions.com\/boutique\/produit\/mon-coeur-dans-la-tempete\/","og_site_name":"9 \u00e9ditions","article_publisher":"https:\/\/www.facebook.com\/9editions?ref=bookmarks","article_modified_time":"2026-04-14T08:17:21+00:00","og_image":[{"width":1714,"height":2364,"url":"https:\/\/9editions.com\/boutique\/wp-content\/uploads\/2026\/04\/9782377272068_1.jpg","type":"image\/jpeg"}],"twitter_card":"summary_large_image","twitter_site":"@9_editions","twitter_misc":{"Dur\u00e9e de lecture estim\u00e9e":"1 minute"},"schema":{"@context":"https:\/\/schema.org","@graph":[{"@type":"WebPage","@id":"https:\/\/9editions.com\/boutique\/produit\/mon-coeur-dans-la-tempete\/","url":"https:\/\/9editions.com\/boutique\/produit\/mon-coeur-dans-la-tempete\/","name":"Mon c\u0153ur dans la temp\u00eate - 9 \u00e9ditions","isPartOf":{"@id":"https:\/\/9editions.com\/boutique\/#website"},"primaryImageOfPage":{"@id":"https:\/\/9editions.com\/boutique\/produit\/mon-coeur-dans-la-tempete\/#primaryimage"},"image":{"@id":"https:\/\/9editions.com\/boutique\/produit\/mon-coeur-dans-la-tempete\/#primaryimage"},"thumbnailUrl":"https:\/\/9editions.com\/boutique\/wp-content\/uploads\/2026\/04\/9782377272068_1.jpg","datePublished":"2026-04-14T08:17:20+00:00","dateModified":"2026-04-14T08:17:21+00:00","description":"Mon c\u0153ur dans la temp\u00eate t\u00e9moignage de Zo\u00e9 Chapat jeune fille courageuse qui partage ses exp\u00e9riences (harc\u00e8lement, viol) pour apporter des conseils pr\u00e9cieux","breadcrumb":{"@id":"https:\/\/9editions.com\/boutique\/produit\/mon-coeur-dans-la-tempete\/#breadcrumb"},"inLanguage":"fr-FR","potentialAction":[{"@type":"ReadAction","target":["https:\/\/9editions.com\/boutique\/produit\/mon-coeur-dans-la-tempete\/"]}]},{"@type":"ImageObject","inLanguage":"fr-FR","@id":"https:\/\/9editions.com\/boutique\/produit\/mon-coeur-dans-la-tempete\/#primaryimage","url":"https:\/\/9editions.com\/boutique\/wp-content\/uploads\/2026\/04\/9782377272068_1.jpg","contentUrl":"https:\/\/9editions.com\/boutique\/wp-content\/uploads\/2026\/04\/9782377272068_1.jpg","width":1714,"height":2364},{"@type":"BreadcrumbList","@id":"https:\/\/9editions.com\/boutique\/produit\/mon-coeur-dans-la-tempete\/#breadcrumb","itemListElement":[{"@type":"ListItem","position":1,"name":"Accueil","item":"https:\/\/9editions.com\/boutique\/"},{"@type":"ListItem","position":2,"name":"Boutique","item":"https:\/\/9editions.com\/boutique\/"},{"@type":"ListItem","position":3,"name":"Mon c\u0153ur dans la temp\u00eate"}]},{"@type":"WebSite","@id":"https:\/\/9editions.com\/boutique\/#website","url":"https:\/\/9editions.com\/boutique\/","name":"9 \u00e9ditions","description":"La maison d&#039;\u00e9dition au c\u00f4t\u00e9 des auteurs","publisher":{"@id":"https:\/\/9editions.com\/boutique\/#organization"},"potentialAction":[{"@type":"SearchAction","target":{"@type":"EntryPoint","urlTemplate":"https:\/\/9editions.com\/boutique\/?s={search_term_string}"},"query-input":{"@type":"PropertyValueSpecification","valueRequired":true,"valueName":"search_term_string"}}],"inLanguage":"fr-FR"},{"@type":"Organization","@id":"https:\/\/9editions.com\/boutique\/#organization","name":"9 \u00e9ditions","url":"https:\/\/9editions.com\/boutique\/","logo":{"@type":"ImageObject","inLanguage":"fr-FR","@id":"https:\/\/9editions.com\/boutique\/#\/schema\/logo\/image\/","url":"https:\/\/9editions.com\/boutique\/wp-content\/uploads\/2020\/03\/cropped-9-editions-logo-amazon.jpg","contentUrl":"https:\/\/9editions.com\/boutique\/wp-content\/uploads\/2020\/03\/cropped-9-editions-logo-amazon.jpg","width":120,"height":30,"caption":"9 \u00e9ditions"},"image":{"@id":"https:\/\/9editions.com\/boutique\/#\/schema\/logo\/image\/"},"sameAs":["https:\/\/www.facebook.com\/9editions?ref=bookmarks","https:\/\/x.com\/9_editions","https:\/\/www.instagram.com\/9editions_\/"]}]}},"jetpack_sharing_enabled":true,"_links":{"self":[{"href":"https:\/\/9editions.com\/boutique\/wp-json\/wp\/v2\/product\/3116","targetHints":{"allow":["GET"]}}],"collection":[{"href":"https:\/\/9editions.com\/boutique\/wp-json\/wp\/v2\/product"}],"about":[{"href":"https:\/\/9editions.com\/boutique\/wp-json\/wp\/v2\/types\/product"}],"replies":[{"embeddable":true,"href":"https:\/\/9editions.com\/boutique\/wp-json\/wp\/v2\/comments?post=3116"}],"wp:featuredmedia":[{"embeddable":true,"href":"https:\/\/9editions.com\/boutique\/wp-json\/wp\/v2\/media\/3117"}],"wp:attachment":[{"href":"https:\/\/9editions.com\/boutique\/wp-json\/wp\/v2\/media?parent=3116"}],"wp:term":[{"taxonomy":"product_brand","embeddable":true,"href":"https:\/\/9editions.com\/boutique\/wp-json\/wp\/v2\/product_brand?post=3116"},{"taxonomy":"product_cat","embeddable":true,"href":"https:\/\/9editions.com\/boutique\/wp-json\/wp\/v2\/product_cat?post=3116"},{"taxonomy":"product_tag","embeddable":true,"href":"https:\/\/9editions.com\/boutique\/wp-json\/wp\/v2\/product_tag?post=3116"}],"curies":[{"name":"wp","href":"https:\/\/api.w.org\/{rel}","templated":true}]}}