{"id":2905,"date":"2025-02-17T08:55:52","date_gmt":"2025-02-17T07:55:52","guid":{"rendered":"https:\/\/9editions.com\/boutique\/?post_type=product&#038;p=2905"},"modified":"2025-02-17T08:55:53","modified_gmt":"2025-02-17T07:55:53","slug":"quand-lamitie-semmele-livre-broche","status":"publish","type":"product","link":"https:\/\/9editions.com\/boutique\/produit\/quand-lamitie-semmele-livre-broche\/","title":{"rendered":"Quand l&rsquo;amiti\u00e9 s&#8217;emm\u00eale (livre broch\u00e9)"},"content":{"rendered":"<p>N\u00e9 en 1953 Samy BERSOU est aujourd\u2019hui \u00e0 la retraite. Ces cinquante derni\u00e8res ann\u00e9es il a \u00e9t\u00e9 m\u00e9decin, parfois com\u00e9dien, quelque fois voyageur souvent observateur de la relation humaine.<br \/>\nAmateur de photographies, il essaie de transposer en mots une r\u00e9alit\u00e9 toujours difficile \u00e0 percevoir.<\/p>\n","protected":false},"excerpt":{"rendered":"<p>G\u00e9rard, p\u00e9do-psychiatre, accepte de prendre en consultation David, le fils d&rsquo;un de ses coll\u00e8gues, Francis, qui se consid\u00e8re comme son ami.<\/p>\n<p>G\u00e9rard dont la retraite est proche a du mal \u00e0 se projeter vers dans un avenir.<\/p>\n<p>Il va tenter de ne pas trop s&rsquo;investir dans ce suivi qui s\u2019av\u00e8re rapidement chaotique..<\/p>\n<p>Mais David et Francis s&rsquo;incrustent dans son quotidien, jusqu&rsquo;au d\u00e9nouement final.<\/p>\n","protected":false},"featured_media":2907,"comment_status":"open","ping_status":"closed","template":"","meta":[],"product_brand":[],"product_cat":[32,18,80],"product_tag":[500,152,503,501,502,63,499],"class_list":{"0":"post-2905","1":"product","2":"type-product","3":"status-publish","6":"product_cat-livre-broche","7":"product_cat-roman","8":"product_cat-societe","9":"product_tag-patient","10":"product_tag-psychologie","11":"product_tag-quand-lamitie-semmele","12":"product_tag-relations-humaines","13":"product_tag-remise-en-question","14":"product_tag-samy-bersou","15":"product_tag-soignant","16":"product_shipping_class-livre","18":"first","19":"instock","20":"purchasable","21":"product-type-simple"},"yoast_head":"<!-- This site is optimized with the Yoast SEO plugin v27.5 - https:\/\/yoast.com\/product\/yoast-seo-wordpress\/ -->\n<title>Quand l&#039;amiti\u00e9 s&#039;emm\u00eale (livre broch\u00e9) - 9 \u00e9ditions<\/title>\n<meta name=\"description\" content=\"9 \u00e9ditions est heureux de vous pr\u00e9senter le dernier roman psychologique de Samy Bersou. Une fois encore notre auteur nous pr\u00e9sente les relations humaines...\" \/>\n<meta name=\"robots\" content=\"index, follow, max-snippet:-1, max-image-preview:large, max-video-preview:-1\" \/>\n<link rel=\"canonical\" href=\"https:\/\/9editions.com\/boutique\/produit\/quand-lamitie-semmele-livre-broche\/\" \/>\n<meta property=\"og:locale\" content=\"fr_FR\" \/>\n<meta property=\"og:type\" content=\"article\" \/>\n<meta property=\"og:title\" content=\"Quand l&#039;amiti\u00e9 s&#039;emm\u00eale (livre broch\u00e9) - 9 \u00e9ditions\" \/>\n<meta property=\"og:description\" content=\"9 \u00e9ditions est heureux de vous pr\u00e9senter le dernier roman psychologique de Samy Bersou. Une fois encore notre auteur nous pr\u00e9sente les relations humaines...\" \/>\n<meta property=\"og:url\" content=\"https:\/\/9editions.com\/boutique\/produit\/quand-lamitie-semmele-livre-broche\/\" \/>\n<meta property=\"og:site_name\" content=\"9 \u00e9ditions\" \/>\n<meta property=\"article:publisher\" content=\"https:\/\/www.facebook.com\/9editions?ref=bookmarks\" \/>\n<meta property=\"article:modified_time\" content=\"2025-02-17T07:55:53+00:00\" \/>\n<meta property=\"og:image\" content=\"https:\/\/9editions.com\/boutique\/wp-content\/uploads\/2025\/02\/9editions-QUAND-LAMITIE-SEN-MELE-Bernard-SOUHAMI-FRONT.jpg\" \/>\n\t<meta property=\"og:image:width\" content=\"1712\" \/>\n\t<meta property=\"og:image:height\" content=\"2364\" \/>\n\t<meta property=\"og:image:type\" content=\"image\/jpeg\" \/>\n<meta name=\"twitter:card\" content=\"summary_large_image\" \/>\n<meta name=\"twitter:site\" content=\"@9_editions\" \/>\n<meta name=\"twitter:label1\" content=\"Dur\u00e9e de lecture estim\u00e9e\" \/>\n\t<meta name=\"twitter:data1\" content=\"1 minute\" \/>\n<script type=\"application\/ld+json\" class=\"yoast-schema-graph\">{\"@context\":\"https:\\\/\\\/schema.org\",\"@graph\":[{\"@type\":\"WebPage\",\"@id\":\"https:\\\/\\\/9editions.com\\\/boutique\\\/produit\\\/quand-lamitie-semmele-livre-broche\\\/\",\"url\":\"https:\\\/\\\/9editions.com\\\/boutique\\\/produit\\\/quand-lamitie-semmele-livre-broche\\\/\",\"name\":\"Quand l'amiti\u00e9 s'emm\u00eale (livre broch\u00e9) - 9 \u00e9ditions\",\"isPartOf\":{\"@id\":\"https:\\\/\\\/9editions.com\\\/boutique\\\/#website\"},\"primaryImageOfPage\":{\"@id\":\"https:\\\/\\\/9editions.com\\\/boutique\\\/produit\\\/quand-lamitie-semmele-livre-broche\\\/#primaryimage\"},\"image\":{\"@id\":\"https:\\\/\\\/9editions.com\\\/boutique\\\/produit\\\/quand-lamitie-semmele-livre-broche\\\/#primaryimage\"},\"thumbnailUrl\":\"https:\\\/\\\/9editions.com\\\/boutique\\\/wp-content\\\/uploads\\\/2025\\\/02\\\/9editions-QUAND-LAMITIE-SEN-MELE-Bernard-SOUHAMI-FRONT.jpg\",\"datePublished\":\"2025-02-17T07:55:52+00:00\",\"dateModified\":\"2025-02-17T07:55:53+00:00\",\"description\":\"9 \u00e9ditions est heureux de vous pr\u00e9senter le dernier roman psychologique de Samy Bersou. Une fois encore notre auteur nous pr\u00e9sente les relations humaines...\",\"breadcrumb\":{\"@id\":\"https:\\\/\\\/9editions.com\\\/boutique\\\/produit\\\/quand-lamitie-semmele-livre-broche\\\/#breadcrumb\"},\"inLanguage\":\"fr-FR\",\"potentialAction\":[{\"@type\":\"ReadAction\",\"target\":[\"https:\\\/\\\/9editions.com\\\/boutique\\\/produit\\\/quand-lamitie-semmele-livre-broche\\\/\"]}]},{\"@type\":\"ImageObject\",\"inLanguage\":\"fr-FR\",\"@id\":\"https:\\\/\\\/9editions.com\\\/boutique\\\/produit\\\/quand-lamitie-semmele-livre-broche\\\/#primaryimage\",\"url\":\"https:\\\/\\\/9editions.com\\\/boutique\\\/wp-content\\\/uploads\\\/2025\\\/02\\\/9editions-QUAND-LAMITIE-SEN-MELE-Bernard-SOUHAMI-FRONT.jpg\",\"contentUrl\":\"https:\\\/\\\/9editions.com\\\/boutique\\\/wp-content\\\/uploads\\\/2025\\\/02\\\/9editions-QUAND-LAMITIE-SEN-MELE-Bernard-SOUHAMI-FRONT.jpg\",\"width\":1712,\"height\":2364,\"caption\":\"Premi\u00e8re de couverture Quand l'amiti\u00e9 s'emm\u00eale de Samy Bersou\"},{\"@type\":\"BreadcrumbList\",\"@id\":\"https:\\\/\\\/9editions.com\\\/boutique\\\/produit\\\/quand-lamitie-semmele-livre-broche\\\/#breadcrumb\",\"itemListElement\":[{\"@type\":\"ListItem\",\"position\":1,\"name\":\"Accueil\",\"item\":\"https:\\\/\\\/9editions.com\\\/boutique\\\/\"},{\"@type\":\"ListItem\",\"position\":2,\"name\":\"Boutique\",\"item\":\"https:\\\/\\\/9editions.com\\\/boutique\\\/\"},{\"@type\":\"ListItem\",\"position\":3,\"name\":\"Quand l&rsquo;amiti\u00e9 s&#8217;emm\u00eale (livre broch\u00e9)\"}]},{\"@type\":\"WebSite\",\"@id\":\"https:\\\/\\\/9editions.com\\\/boutique\\\/#website\",\"url\":\"https:\\\/\\\/9editions.com\\\/boutique\\\/\",\"name\":\"9 \u00e9ditions\",\"description\":\"La maison d&#039;\u00e9dition au c\u00f4t\u00e9 des auteurs\",\"publisher\":{\"@id\":\"https:\\\/\\\/9editions.com\\\/boutique\\\/#organization\"},\"potentialAction\":[{\"@type\":\"SearchAction\",\"target\":{\"@type\":\"EntryPoint\",\"urlTemplate\":\"https:\\\/\\\/9editions.com\\\/boutique\\\/?s={search_term_string}\"},\"query-input\":{\"@type\":\"PropertyValueSpecification\",\"valueRequired\":true,\"valueName\":\"search_term_string\"}}],\"inLanguage\":\"fr-FR\"},{\"@type\":\"Organization\",\"@id\":\"https:\\\/\\\/9editions.com\\\/boutique\\\/#organization\",\"name\":\"9 \u00e9ditions\",\"url\":\"https:\\\/\\\/9editions.com\\\/boutique\\\/\",\"logo\":{\"@type\":\"ImageObject\",\"inLanguage\":\"fr-FR\",\"@id\":\"https:\\\/\\\/9editions.com\\\/boutique\\\/#\\\/schema\\\/logo\\\/image\\\/\",\"url\":\"https:\\\/\\\/9editions.com\\\/boutique\\\/wp-content\\\/uploads\\\/2020\\\/03\\\/cropped-9-editions-logo-amazon.jpg\",\"contentUrl\":\"https:\\\/\\\/9editions.com\\\/boutique\\\/wp-content\\\/uploads\\\/2020\\\/03\\\/cropped-9-editions-logo-amazon.jpg\",\"width\":120,\"height\":30,\"caption\":\"9 \u00e9ditions\"},\"image\":{\"@id\":\"https:\\\/\\\/9editions.com\\\/boutique\\\/#\\\/schema\\\/logo\\\/image\\\/\"},\"sameAs\":[\"https:\\\/\\\/www.facebook.com\\\/9editions?ref=bookmarks\",\"https:\\\/\\\/x.com\\\/9_editions\",\"https:\\\/\\\/www.instagram.com\\\/9editions_\\\/\"]}]}<\/script>\n<!-- \/ Yoast SEO plugin. -->","yoast_head_json":{"title":"Quand l'amiti\u00e9 s'emm\u00eale (livre broch\u00e9) - 9 \u00e9ditions","description":"9 \u00e9ditions est heureux de vous pr\u00e9senter le dernier roman psychologique de Samy Bersou. Une fois encore notre auteur nous pr\u00e9sente les relations humaines...","robots":{"index":"index","follow":"follow","max-snippet":"max-snippet:-1","max-image-preview":"max-image-preview:large","max-video-preview":"max-video-preview:-1"},"canonical":"https:\/\/9editions.com\/boutique\/produit\/quand-lamitie-semmele-livre-broche\/","og_locale":"fr_FR","og_type":"article","og_title":"Quand l'amiti\u00e9 s'emm\u00eale (livre broch\u00e9) - 9 \u00e9ditions","og_description":"9 \u00e9ditions est heureux de vous pr\u00e9senter le dernier roman psychologique de Samy Bersou. Une fois encore notre auteur nous pr\u00e9sente les relations humaines...","og_url":"https:\/\/9editions.com\/boutique\/produit\/quand-lamitie-semmele-livre-broche\/","og_site_name":"9 \u00e9ditions","article_publisher":"https:\/\/www.facebook.com\/9editions?ref=bookmarks","article_modified_time":"2025-02-17T07:55:53+00:00","og_image":[{"width":1712,"height":2364,"url":"https:\/\/9editions.com\/boutique\/wp-content\/uploads\/2025\/02\/9editions-QUAND-LAMITIE-SEN-MELE-Bernard-SOUHAMI-FRONT.jpg","type":"image\/jpeg"}],"twitter_card":"summary_large_image","twitter_site":"@9_editions","twitter_misc":{"Dur\u00e9e de lecture estim\u00e9e":"1 minute"},"schema":{"@context":"https:\/\/schema.org","@graph":[{"@type":"WebPage","@id":"https:\/\/9editions.com\/boutique\/produit\/quand-lamitie-semmele-livre-broche\/","url":"https:\/\/9editions.com\/boutique\/produit\/quand-lamitie-semmele-livre-broche\/","name":"Quand l'amiti\u00e9 s'emm\u00eale (livre broch\u00e9) - 9 \u00e9ditions","isPartOf":{"@id":"https:\/\/9editions.com\/boutique\/#website"},"primaryImageOfPage":{"@id":"https:\/\/9editions.com\/boutique\/produit\/quand-lamitie-semmele-livre-broche\/#primaryimage"},"image":{"@id":"https:\/\/9editions.com\/boutique\/produit\/quand-lamitie-semmele-livre-broche\/#primaryimage"},"thumbnailUrl":"https:\/\/9editions.com\/boutique\/wp-content\/uploads\/2025\/02\/9editions-QUAND-LAMITIE-SEN-MELE-Bernard-SOUHAMI-FRONT.jpg","datePublished":"2025-02-17T07:55:52+00:00","dateModified":"2025-02-17T07:55:53+00:00","description":"9 \u00e9ditions est heureux de vous pr\u00e9senter le dernier roman psychologique de Samy Bersou. Une fois encore notre auteur nous pr\u00e9sente les relations humaines...","breadcrumb":{"@id":"https:\/\/9editions.com\/boutique\/produit\/quand-lamitie-semmele-livre-broche\/#breadcrumb"},"inLanguage":"fr-FR","potentialAction":[{"@type":"ReadAction","target":["https:\/\/9editions.com\/boutique\/produit\/quand-lamitie-semmele-livre-broche\/"]}]},{"@type":"ImageObject","inLanguage":"fr-FR","@id":"https:\/\/9editions.com\/boutique\/produit\/quand-lamitie-semmele-livre-broche\/#primaryimage","url":"https:\/\/9editions.com\/boutique\/wp-content\/uploads\/2025\/02\/9editions-QUAND-LAMITIE-SEN-MELE-Bernard-SOUHAMI-FRONT.jpg","contentUrl":"https:\/\/9editions.com\/boutique\/wp-content\/uploads\/2025\/02\/9editions-QUAND-LAMITIE-SEN-MELE-Bernard-SOUHAMI-FRONT.jpg","width":1712,"height":2364,"caption":"Premi\u00e8re de couverture Quand l'amiti\u00e9 s'emm\u00eale de Samy Bersou"},{"@type":"BreadcrumbList","@id":"https:\/\/9editions.com\/boutique\/produit\/quand-lamitie-semmele-livre-broche\/#breadcrumb","itemListElement":[{"@type":"ListItem","position":1,"name":"Accueil","item":"https:\/\/9editions.com\/boutique\/"},{"@type":"ListItem","position":2,"name":"Boutique","item":"https:\/\/9editions.com\/boutique\/"},{"@type":"ListItem","position":3,"name":"Quand l&rsquo;amiti\u00e9 s&#8217;emm\u00eale (livre broch\u00e9)"}]},{"@type":"WebSite","@id":"https:\/\/9editions.com\/boutique\/#website","url":"https:\/\/9editions.com\/boutique\/","name":"9 \u00e9ditions","description":"La maison d&#039;\u00e9dition au c\u00f4t\u00e9 des auteurs","publisher":{"@id":"https:\/\/9editions.com\/boutique\/#organization"},"potentialAction":[{"@type":"SearchAction","target":{"@type":"EntryPoint","urlTemplate":"https:\/\/9editions.com\/boutique\/?s={search_term_string}"},"query-input":{"@type":"PropertyValueSpecification","valueRequired":true,"valueName":"search_term_string"}}],"inLanguage":"fr-FR"},{"@type":"Organization","@id":"https:\/\/9editions.com\/boutique\/#organization","name":"9 \u00e9ditions","url":"https:\/\/9editions.com\/boutique\/","logo":{"@type":"ImageObject","inLanguage":"fr-FR","@id":"https:\/\/9editions.com\/boutique\/#\/schema\/logo\/image\/","url":"https:\/\/9editions.com\/boutique\/wp-content\/uploads\/2020\/03\/cropped-9-editions-logo-amazon.jpg","contentUrl":"https:\/\/9editions.com\/boutique\/wp-content\/uploads\/2020\/03\/cropped-9-editions-logo-amazon.jpg","width":120,"height":30,"caption":"9 \u00e9ditions"},"image":{"@id":"https:\/\/9editions.com\/boutique\/#\/schema\/logo\/image\/"},"sameAs":["https:\/\/www.facebook.com\/9editions?ref=bookmarks","https:\/\/x.com\/9_editions","https:\/\/www.instagram.com\/9editions_\/"]}]}},"jetpack_sharing_enabled":true,"_links":{"self":[{"href":"https:\/\/9editions.com\/boutique\/wp-json\/wp\/v2\/product\/2905","targetHints":{"allow":["GET"]}}],"collection":[{"href":"https:\/\/9editions.com\/boutique\/wp-json\/wp\/v2\/product"}],"about":[{"href":"https:\/\/9editions.com\/boutique\/wp-json\/wp\/v2\/types\/product"}],"replies":[{"embeddable":true,"href":"https:\/\/9editions.com\/boutique\/wp-json\/wp\/v2\/comments?post=2905"}],"wp:featuredmedia":[{"embeddable":true,"href":"https:\/\/9editions.com\/boutique\/wp-json\/wp\/v2\/media\/2907"}],"wp:attachment":[{"href":"https:\/\/9editions.com\/boutique\/wp-json\/wp\/v2\/media?parent=2905"}],"wp:term":[{"taxonomy":"product_brand","embeddable":true,"href":"https:\/\/9editions.com\/boutique\/wp-json\/wp\/v2\/product_brand?post=2905"},{"taxonomy":"product_cat","embeddable":true,"href":"https:\/\/9editions.com\/boutique\/wp-json\/wp\/v2\/product_cat?post=2905"},{"taxonomy":"product_tag","embeddable":true,"href":"https:\/\/9editions.com\/boutique\/wp-json\/wp\/v2\/product_tag?post=2905"}],"curies":[{"name":"wp","href":"https:\/\/api.w.org\/{rel}","templated":true}]}}