{"id":2588,"date":"2024-05-09T16:07:32","date_gmt":"2024-05-09T14:07:32","guid":{"rendered":"https:\/\/9editions.com\/boutique\/?post_type=product&#038;p=2588"},"modified":"2024-06-03T09:44:58","modified_gmt":"2024-06-03T07:44:58","slug":"vers-lau-dela","status":"publish","type":"product","link":"https:\/\/9editions.com\/boutique\/produit\/vers-lau-dela\/","title":{"rendered":"Vers l&rsquo;Au-del\u00e0"},"content":{"rendered":"<p style=\"text-align: center;\">Quand mon Coeur fatigu\u00e9 croupit au fond d\u2019un gouffre,<\/p>\n<p style=\"text-align: center;\">Quand mes fondations tombent, quand tout mon \u00catre souffre,<\/p>\n<p style=\"text-align: center;\">Mon Esprit alert\u00e9 murmure \u00e0 mon oreille :<\/p>\n<p style=\"text-align: center;\">\u00ab Va vite te r\u00e9fugier au sein de l\u2019\u00c9ternel\u00bb.<\/p>\n<p style=\"text-align: center;\">Mon Coeur, rel\u00e8ve-toi, et cesse de g\u00e9mir ;<\/p>\n<p style=\"text-align: center;\">Car la Vie est tr\u00e8s belle quand on sait la cueillir.<\/p>\n<p style=\"text-align: center;\">Je veux que tu deviennes, par un r\u00e9el Miracle,<\/p>\n<p style=\"text-align: center;\">Fort et inh\u00e9branlable, pour franchir les obstacles.<\/p>\n<p style=\"text-align: center;\">Mon Esprit, aide-moi \u00e0 sortir de ce bagne ;<\/p>\n<p style=\"text-align: center;\">Arrache les racines des douleurs qui me gagnent.<\/p>\n<p style=\"text-align: center;\">Et puis \u00e9l\u00e8ve-moi au-dessus des Nuages,<\/p>\n<p style=\"text-align: center;\">Pour pouvoir contempler les charmes de tout \u00e2ge.<\/p>\n<p style=\"text-align: center;\">Esprit, \u00e9veille-toi au-del\u00e0 des \u00c9toiles<\/p>\n<p style=\"text-align: center;\">Pour peindre la beaut\u00e9 de la Vie sur une toile.<\/p>\n<p style=\"text-align: center;\">L\u00e0 o\u00f9 l\u2019Inspiration fait germer les id\u00e9es,<\/p>\n<p style=\"text-align: center;\">Et l\u00e0 o\u00f9 les artistes trouvent Bonheur et Paix.<\/p>\n<p style=\"text-align: center;\">Quand mon Coeur fatigu\u00e9 croupit au fond d\u2019un gouffre,<\/p>\n<p style=\"text-align: center;\">Quand mes fondations tombent, quand tout mon \u00catre souffre,<\/p>\n<p style=\"text-align: center;\">Mon Esprit alert\u00e9 murmure \u00e0 mon oreille :<\/p>\n<p style=\"text-align: center;\">\u00ab Va vite te r\u00e9fugier au sein de l\u2019\u00c9ternel\u00bb.<\/p>\n<p>&nbsp;<\/p>\n<p>Vous avez aim\u00e9 ce texte? Venez donc avec moi, trouver dans cet ouvrage mille et une citations et r\u00e9flexions \u00e0 la fois spirituelles et rationnelles ; venez d\u00e9couvrir des dizaines de r\u00e9cits originaux , d\u2019anecdotes nouvelles et autres textes in\u00e9dits, accompagn\u00e9s de paroles de chansons jamais parues. Et surtout, vous d\u00e9couvrirez dans ce livre de nombreuses pistes pour vous aider \u00e0 vous rapprocher du Bonheur, notamment gr\u00e2ce \u00e0 l\u2019Art. Et c\u2019est \u00e7a qui vous permettra peut-\u00eatre de vous trouver vous-m\u00eame, et ainsi, d\u2019avoir la sensation d\u2019\u00e9lever votre Esprit vers l\u2019Au-del\u00e0.<\/p>\n<p>R\u00e9dig\u00e9 dans un style in\u00e9dit, fluide et facile \u00e0 comprendre, plein de proverbes nouveaux, de paraboles, d\u2019images originales, parfum\u00e9 avec des touches d\u2019humour, ce recueil stimule la Cr\u00e9ativit\u00e9 et incite \u00e0 d\u00e9couvrir les merveilleuses Capacit\u00e9s qui sommeillent au fond de chacun d\u2019entre nous pour apprendre \u00e0 nous aimer, et ainsi, \u00e0 aimer la Vie.<\/p>\n","protected":false},"excerpt":{"rendered":"<p class=\"Corps\" style=\"text-align: justify; line-height: 115%; tab-stops: 35.4pt 70.8pt 106.2pt 141.6pt 177.0pt 212.4pt 247.8pt 283.2pt 318.6pt 354.0pt 389.4pt 424.8pt 460.2pt;\"><span style=\"font-family: 'Calibri',sans-serif; background: white;\">Catherine Centanse \u00e9crit depuis sa plus tendre enfance. <\/span><\/p>\n<p class=\"Corps\" style=\"text-align: justify; line-height: 115%; tab-stops: 35.4pt 70.8pt 106.2pt 141.6pt 177.0pt 212.4pt 247.8pt 283.2pt 318.6pt 354.0pt 389.4pt 424.8pt 460.2pt;\"><span style=\"font-family: 'Calibri',sans-serif; background: white;\">Cette auteure, autodidacte, a obtenu la mention du m\u00e9rite po\u00e9tique au concours national \u00ab\u00a0<i>Les po\u00e9siade<\/i>s\u00a0\u00bb, organis\u00e9 par l\u2019Institut Acad\u00e9mique de Litt\u00e9rature Francophone. <\/span><\/p>\n<p class=\"Corps\" style=\"text-align: justify; line-height: 115%; tab-stops: 35.4pt 70.8pt 106.2pt 141.6pt 177.0pt 212.4pt 247.8pt 283.2pt 318.6pt 354.0pt 389.4pt 424.8pt 460.2pt;\"><span style=\"font-family: 'Calibri',sans-serif; background: white;\">Elle a publi\u00e9 plusieurs textes dans des revues et ouvrages (dont la revue \u00ab\u00a0<i>Train de nuit\u00a0<\/i>\u00bb), mais aussi des ouvrages de d\u00e9veloppement personnel comme \u00ab\u00a0<i>Art et Bonheur\u00a0<\/i>\u00bb, \u00ab\u00a0<i>Mosa\u00efques<\/i>\u00a0\u00bb, ou encore, \u00ab\u00a0<i>L\u2019Amour de l\u2019autre commence par le Respect de soi\u00a0<\/i>\u00bb. <\/span><\/p>\n<p class=\"Corps\" style=\"text-align: justify; line-height: 115%; tab-stops: 35.4pt 70.8pt 106.2pt 141.6pt 177.0pt 212.4pt 247.8pt 283.2pt 318.6pt 354.0pt 389.4pt 424.8pt 460.2pt;\"><span style=\"font-family: 'Calibri',sans-serif; background: white;\">Enfin, elle \u00e9crit des pens\u00e9es psychologiques et philosophiques, et est l\u2019auteure d\u2019un ouvrage qui contient une th\u00e8se in\u00e9dite de psychologie sur le feeling\u00a0: \u00ab\u00a0<i>Sur la m\u00eame longueur d\u2019onde\u00a0: la pyramide des crit\u00e8res<\/i>\u00a0\u00bb.<\/span><\/p>\n","protected":false},"featured_media":2590,"comment_status":"open","ping_status":"closed","template":"","meta":[],"product_brand":[],"product_cat":[211,32,231],"product_tag":[28,212,279],"class_list":{"0":"post-2588","1":"product","2":"type-product","3":"status-publish","6":"product_cat-developpement-personnel","7":"product_cat-livre-broche","8":"product_cat-prevente","9":"product_tag-catherine-centanse","10":"product_tag-developpement-personnel","11":"product_tag-vers-lau_dela","12":"product_shipping_class-livre","14":"first","15":"instock","16":"purchasable","17":"product-type-simple"},"yoast_head":"<!-- This site is optimized with the Yoast SEO plugin v27.3 - https:\/\/yoast.com\/product\/yoast-seo-wordpress\/ -->\n<title>Vers l&#039;Au-del\u00e0 - 9 \u00e9ditions<\/title>\n<meta name=\"description\" content=\"D\u00e9couvrez le nouveau livre de d\u00e9veloppement personnel de Catherine Centanse Vers l&#039;Au-del\u00e0 chez 9 \u00e9ditions. Vous vous posez des questions sur l&#039;Ascension\" \/>\n<meta name=\"robots\" content=\"index, follow, max-snippet:-1, max-image-preview:large, max-video-preview:-1\" \/>\n<link rel=\"canonical\" href=\"https:\/\/9editions.com\/boutique\/produit\/vers-lau-dela\/\" \/>\n<meta property=\"og:locale\" content=\"fr_FR\" \/>\n<meta property=\"og:type\" content=\"article\" \/>\n<meta property=\"og:title\" content=\"Vers l&#039;Au-del\u00e0 - 9 \u00e9ditions\" \/>\n<meta property=\"og:description\" content=\"D\u00e9couvrez le nouveau livre de d\u00e9veloppement personnel de Catherine Centanse Vers l&#039;Au-del\u00e0 chez 9 \u00e9ditions. Vous vous posez des questions sur l&#039;Ascension\" \/>\n<meta property=\"og:url\" content=\"https:\/\/9editions.com\/boutique\/produit\/vers-lau-dela\/\" \/>\n<meta property=\"og:site_name\" content=\"9 \u00e9ditions\" \/>\n<meta property=\"article:publisher\" content=\"https:\/\/www.facebook.com\/9editions?ref=bookmarks\" \/>\n<meta property=\"article:modified_time\" content=\"2024-06-03T07:44:58+00:00\" \/>\n<meta property=\"og:image\" content=\"https:\/\/9editions.com\/boutique\/wp-content\/uploads\/2024\/05\/9782377271764.jpg\" \/>\n\t<meta property=\"og:image:width\" content=\"1712\" \/>\n\t<meta property=\"og:image:height\" content=\"2363\" \/>\n\t<meta property=\"og:image:type\" content=\"image\/jpeg\" \/>\n<meta name=\"twitter:card\" content=\"summary_large_image\" \/>\n<meta name=\"twitter:site\" content=\"@9_editions\" \/>\n<meta name=\"twitter:label1\" content=\"Dur\u00e9e de lecture estim\u00e9e\" \/>\n\t<meta name=\"twitter:data1\" content=\"2 minutes\" \/>\n<script type=\"application\/ld+json\" class=\"yoast-schema-graph\">{\"@context\":\"https:\\\/\\\/schema.org\",\"@graph\":[{\"@type\":\"WebPage\",\"@id\":\"https:\\\/\\\/9editions.com\\\/boutique\\\/produit\\\/vers-lau-dela\\\/\",\"url\":\"https:\\\/\\\/9editions.com\\\/boutique\\\/produit\\\/vers-lau-dela\\\/\",\"name\":\"Vers l'Au-del\u00e0 - 9 \u00e9ditions\",\"isPartOf\":{\"@id\":\"https:\\\/\\\/9editions.com\\\/boutique\\\/#website\"},\"primaryImageOfPage\":{\"@id\":\"https:\\\/\\\/9editions.com\\\/boutique\\\/produit\\\/vers-lau-dela\\\/#primaryimage\"},\"image\":{\"@id\":\"https:\\\/\\\/9editions.com\\\/boutique\\\/produit\\\/vers-lau-dela\\\/#primaryimage\"},\"thumbnailUrl\":\"https:\\\/\\\/9editions.com\\\/boutique\\\/wp-content\\\/uploads\\\/2024\\\/05\\\/9782377271764.jpg\",\"datePublished\":\"2024-05-09T14:07:32+00:00\",\"dateModified\":\"2024-06-03T07:44:58+00:00\",\"description\":\"D\u00e9couvrez le nouveau livre de d\u00e9veloppement personnel de Catherine Centanse Vers l'Au-del\u00e0 chez 9 \u00e9ditions. Vous vous posez des questions sur l'Ascension\",\"breadcrumb\":{\"@id\":\"https:\\\/\\\/9editions.com\\\/boutique\\\/produit\\\/vers-lau-dela\\\/#breadcrumb\"},\"inLanguage\":\"fr-FR\",\"potentialAction\":[{\"@type\":\"ReadAction\",\"target\":[\"https:\\\/\\\/9editions.com\\\/boutique\\\/produit\\\/vers-lau-dela\\\/\"]}]},{\"@type\":\"ImageObject\",\"inLanguage\":\"fr-FR\",\"@id\":\"https:\\\/\\\/9editions.com\\\/boutique\\\/produit\\\/vers-lau-dela\\\/#primaryimage\",\"url\":\"https:\\\/\\\/9editions.com\\\/boutique\\\/wp-content\\\/uploads\\\/2024\\\/05\\\/9782377271764.jpg\",\"contentUrl\":\"https:\\\/\\\/9editions.com\\\/boutique\\\/wp-content\\\/uploads\\\/2024\\\/05\\\/9782377271764.jpg\",\"width\":1712,\"height\":2363,\"caption\":\"Vers l'Au-del\u00e0 de Catherine Centance\"},{\"@type\":\"BreadcrumbList\",\"@id\":\"https:\\\/\\\/9editions.com\\\/boutique\\\/produit\\\/vers-lau-dela\\\/#breadcrumb\",\"itemListElement\":[{\"@type\":\"ListItem\",\"position\":1,\"name\":\"Accueil\",\"item\":\"https:\\\/\\\/9editions.com\\\/boutique\\\/\"},{\"@type\":\"ListItem\",\"position\":2,\"name\":\"Boutique\",\"item\":\"https:\\\/\\\/9editions.com\\\/boutique\\\/\"},{\"@type\":\"ListItem\",\"position\":3,\"name\":\"Vers l&#8217;Au-del\u00e0\"}]},{\"@type\":\"WebSite\",\"@id\":\"https:\\\/\\\/9editions.com\\\/boutique\\\/#website\",\"url\":\"https:\\\/\\\/9editions.com\\\/boutique\\\/\",\"name\":\"9 \u00e9ditions\",\"description\":\"La maison d&#039;\u00e9dition au c\u00f4t\u00e9 des auteurs\",\"publisher\":{\"@id\":\"https:\\\/\\\/9editions.com\\\/boutique\\\/#organization\"},\"potentialAction\":[{\"@type\":\"SearchAction\",\"target\":{\"@type\":\"EntryPoint\",\"urlTemplate\":\"https:\\\/\\\/9editions.com\\\/boutique\\\/?s={search_term_string}\"},\"query-input\":{\"@type\":\"PropertyValueSpecification\",\"valueRequired\":true,\"valueName\":\"search_term_string\"}}],\"inLanguage\":\"fr-FR\"},{\"@type\":\"Organization\",\"@id\":\"https:\\\/\\\/9editions.com\\\/boutique\\\/#organization\",\"name\":\"9 \u00e9ditions\",\"url\":\"https:\\\/\\\/9editions.com\\\/boutique\\\/\",\"logo\":{\"@type\":\"ImageObject\",\"inLanguage\":\"fr-FR\",\"@id\":\"https:\\\/\\\/9editions.com\\\/boutique\\\/#\\\/schema\\\/logo\\\/image\\\/\",\"url\":\"https:\\\/\\\/9editions.com\\\/boutique\\\/wp-content\\\/uploads\\\/2020\\\/03\\\/cropped-9-editions-logo-amazon.jpg\",\"contentUrl\":\"https:\\\/\\\/9editions.com\\\/boutique\\\/wp-content\\\/uploads\\\/2020\\\/03\\\/cropped-9-editions-logo-amazon.jpg\",\"width\":120,\"height\":30,\"caption\":\"9 \u00e9ditions\"},\"image\":{\"@id\":\"https:\\\/\\\/9editions.com\\\/boutique\\\/#\\\/schema\\\/logo\\\/image\\\/\"},\"sameAs\":[\"https:\\\/\\\/www.facebook.com\\\/9editions?ref=bookmarks\",\"https:\\\/\\\/x.com\\\/9_editions\",\"https:\\\/\\\/www.instagram.com\\\/9editions_\\\/\"]}]}<\/script>\n<!-- \/ Yoast SEO plugin. -->","yoast_head_json":{"title":"Vers l'Au-del\u00e0 - 9 \u00e9ditions","description":"D\u00e9couvrez le nouveau livre de d\u00e9veloppement personnel de Catherine Centanse Vers l'Au-del\u00e0 chez 9 \u00e9ditions. Vous vous posez des questions sur l'Ascension","robots":{"index":"index","follow":"follow","max-snippet":"max-snippet:-1","max-image-preview":"max-image-preview:large","max-video-preview":"max-video-preview:-1"},"canonical":"https:\/\/9editions.com\/boutique\/produit\/vers-lau-dela\/","og_locale":"fr_FR","og_type":"article","og_title":"Vers l'Au-del\u00e0 - 9 \u00e9ditions","og_description":"D\u00e9couvrez le nouveau livre de d\u00e9veloppement personnel de Catherine Centanse Vers l'Au-del\u00e0 chez 9 \u00e9ditions. Vous vous posez des questions sur l'Ascension","og_url":"https:\/\/9editions.com\/boutique\/produit\/vers-lau-dela\/","og_site_name":"9 \u00e9ditions","article_publisher":"https:\/\/www.facebook.com\/9editions?ref=bookmarks","article_modified_time":"2024-06-03T07:44:58+00:00","og_image":[{"width":1712,"height":2363,"url":"https:\/\/9editions.com\/boutique\/wp-content\/uploads\/2024\/05\/9782377271764.jpg","type":"image\/jpeg"}],"twitter_card":"summary_large_image","twitter_site":"@9_editions","twitter_misc":{"Dur\u00e9e de lecture estim\u00e9e":"2 minutes"},"schema":{"@context":"https:\/\/schema.org","@graph":[{"@type":"WebPage","@id":"https:\/\/9editions.com\/boutique\/produit\/vers-lau-dela\/","url":"https:\/\/9editions.com\/boutique\/produit\/vers-lau-dela\/","name":"Vers l'Au-del\u00e0 - 9 \u00e9ditions","isPartOf":{"@id":"https:\/\/9editions.com\/boutique\/#website"},"primaryImageOfPage":{"@id":"https:\/\/9editions.com\/boutique\/produit\/vers-lau-dela\/#primaryimage"},"image":{"@id":"https:\/\/9editions.com\/boutique\/produit\/vers-lau-dela\/#primaryimage"},"thumbnailUrl":"https:\/\/9editions.com\/boutique\/wp-content\/uploads\/2024\/05\/9782377271764.jpg","datePublished":"2024-05-09T14:07:32+00:00","dateModified":"2024-06-03T07:44:58+00:00","description":"D\u00e9couvrez le nouveau livre de d\u00e9veloppement personnel de Catherine Centanse Vers l'Au-del\u00e0 chez 9 \u00e9ditions. Vous vous posez des questions sur l'Ascension","breadcrumb":{"@id":"https:\/\/9editions.com\/boutique\/produit\/vers-lau-dela\/#breadcrumb"},"inLanguage":"fr-FR","potentialAction":[{"@type":"ReadAction","target":["https:\/\/9editions.com\/boutique\/produit\/vers-lau-dela\/"]}]},{"@type":"ImageObject","inLanguage":"fr-FR","@id":"https:\/\/9editions.com\/boutique\/produit\/vers-lau-dela\/#primaryimage","url":"https:\/\/9editions.com\/boutique\/wp-content\/uploads\/2024\/05\/9782377271764.jpg","contentUrl":"https:\/\/9editions.com\/boutique\/wp-content\/uploads\/2024\/05\/9782377271764.jpg","width":1712,"height":2363,"caption":"Vers l'Au-del\u00e0 de Catherine Centance"},{"@type":"BreadcrumbList","@id":"https:\/\/9editions.com\/boutique\/produit\/vers-lau-dela\/#breadcrumb","itemListElement":[{"@type":"ListItem","position":1,"name":"Accueil","item":"https:\/\/9editions.com\/boutique\/"},{"@type":"ListItem","position":2,"name":"Boutique","item":"https:\/\/9editions.com\/boutique\/"},{"@type":"ListItem","position":3,"name":"Vers l&#8217;Au-del\u00e0"}]},{"@type":"WebSite","@id":"https:\/\/9editions.com\/boutique\/#website","url":"https:\/\/9editions.com\/boutique\/","name":"9 \u00e9ditions","description":"La maison d&#039;\u00e9dition au c\u00f4t\u00e9 des auteurs","publisher":{"@id":"https:\/\/9editions.com\/boutique\/#organization"},"potentialAction":[{"@type":"SearchAction","target":{"@type":"EntryPoint","urlTemplate":"https:\/\/9editions.com\/boutique\/?s={search_term_string}"},"query-input":{"@type":"PropertyValueSpecification","valueRequired":true,"valueName":"search_term_string"}}],"inLanguage":"fr-FR"},{"@type":"Organization","@id":"https:\/\/9editions.com\/boutique\/#organization","name":"9 \u00e9ditions","url":"https:\/\/9editions.com\/boutique\/","logo":{"@type":"ImageObject","inLanguage":"fr-FR","@id":"https:\/\/9editions.com\/boutique\/#\/schema\/logo\/image\/","url":"https:\/\/9editions.com\/boutique\/wp-content\/uploads\/2020\/03\/cropped-9-editions-logo-amazon.jpg","contentUrl":"https:\/\/9editions.com\/boutique\/wp-content\/uploads\/2020\/03\/cropped-9-editions-logo-amazon.jpg","width":120,"height":30,"caption":"9 \u00e9ditions"},"image":{"@id":"https:\/\/9editions.com\/boutique\/#\/schema\/logo\/image\/"},"sameAs":["https:\/\/www.facebook.com\/9editions?ref=bookmarks","https:\/\/x.com\/9_editions","https:\/\/www.instagram.com\/9editions_\/"]}]}},"jetpack_sharing_enabled":true,"_links":{"self":[{"href":"https:\/\/9editions.com\/boutique\/wp-json\/wp\/v2\/product\/2588","targetHints":{"allow":["GET"]}}],"collection":[{"href":"https:\/\/9editions.com\/boutique\/wp-json\/wp\/v2\/product"}],"about":[{"href":"https:\/\/9editions.com\/boutique\/wp-json\/wp\/v2\/types\/product"}],"replies":[{"embeddable":true,"href":"https:\/\/9editions.com\/boutique\/wp-json\/wp\/v2\/comments?post=2588"}],"wp:featuredmedia":[{"embeddable":true,"href":"https:\/\/9editions.com\/boutique\/wp-json\/wp\/v2\/media\/2590"}],"wp:attachment":[{"href":"https:\/\/9editions.com\/boutique\/wp-json\/wp\/v2\/media?parent=2588"}],"wp:term":[{"taxonomy":"product_brand","embeddable":true,"href":"https:\/\/9editions.com\/boutique\/wp-json\/wp\/v2\/product_brand?post=2588"},{"taxonomy":"product_cat","embeddable":true,"href":"https:\/\/9editions.com\/boutique\/wp-json\/wp\/v2\/product_cat?post=2588"},{"taxonomy":"product_tag","embeddable":true,"href":"https:\/\/9editions.com\/boutique\/wp-json\/wp\/v2\/product_tag?post=2588"}],"curies":[{"name":"wp","href":"https:\/\/api.w.org\/{rel}","templated":true}]}}