{"id":2520,"date":"2023-08-07T15:13:19","date_gmt":"2023-08-07T13:13:19","guid":{"rendered":"https:\/\/9editions.com\/boutique\/?post_type=product&#038;p=2520"},"modified":"2023-09-18T14:03:07","modified_gmt":"2023-09-18T12:03:07","slug":"cap-ou-pas-cap-de-traverser-la-france-a-velo-ebook","status":"publish","type":"product","link":"https:\/\/9editions.com\/boutique\/produit\/cap-ou-pas-cap-de-traverser-la-france-a-velo-ebook\/","title":{"rendered":"CAP ou PAS CAP de traverser la France \u00e0 v\u00e9lo ? (ebook)"},"content":{"rendered":"<p>Voici le r\u00e9cit de la travers\u00e9e de la France \u00e0 v\u00e9lo avec ma meilleure amie Megane. Vivant \u00e0 l\u2019oppos\u00e9 du pays l\u2019une de l\u2019autre, nous nous sommes lanc\u00e9es le pari de relier nos villes par la force des mollets en partant de CALAIS, ma ville natale o\u00f9 vit Megane, jusque SAINT RAPHA\u00cbL, o\u00f9 je vis aujourd\u2019hui. Ce sont 1683 km en 19 jours de pur bonheur dont je vous fais part \u00e0 travers ces pages illustr\u00e9es. Chaque journ\u00e9e est une histoire \u00e0 raconter !<\/p>\n<p>Cette aventure riche et humaine est de loin la plus belle exp\u00e9rience que nous avons faite jusqu\u2019\u00e0 pr\u00e9sent et je suis heureuse de vous la faire partager avec les plus belles \u00e9motions que la vie peut nous donner lorsque l\u2019on s\u2019ouvre \u00e0 elle, et cela en se connectant \u00e0 la nature, aux valeurs humaines et aux petites merveilles que la France nous offre \u00e0 chacun de ses recoins. Bon voyage !<\/p>\n","protected":false},"excerpt":{"rendered":"<p>N\u00e9e \u00e0 Calais, Thifaine a d\u00e9m\u00e9nag\u00e9 en 2017 sur Saint-Rapha\u00ebl. Infirmi\u00e8re \u00e0 l\u2019h\u00f4pital en service de Cardiologie. Elle a appris \u00e0 se conna\u00eetre lors d\u2019un premier p\u00e9riple \u00e0 v\u00e9lo sur lequel elle a \u00e9crit son premier livre intitul\u00e9 \u00ab La meilleure fa\u00e7on de p\u00e9ter les plombs \u00bb. Elle s\u2019est trouv\u00e9e un peu chiante, mais vachement sympa comme nana. Elle aime rire, mais surtout faire rire. Elle a d\u2019ailleurs toujours son nez de clown pr\u00e8s d\u2019elle. Ce clown au grand c\u0153ur est appr\u00e9ci\u00e9e par sa folie, sa spontan\u00e9it\u00e9 et ses valeurs humaines.<\/p>\n","protected":false},"featured_media":2526,"comment_status":"open","ping_status":"closed","template":"","meta":[],"product_brand":[],"product_cat":[36,211,29,80],"product_tag":[242,88,241,239,91,240],"class_list":{"0":"post-2520","1":"product","2":"type-product","3":"status-publish","6":"product_cat-aventures","7":"product_cat-developpement-personnel","8":"product_cat-ebook","9":"product_cat-societe","10":"product_tag-aventure-humaine","11":"product_tag-carnet-de-voyage","12":"product_tag-defi-sportif","13":"product_tag-road-trip","14":"product_tag-thifaine-roussel","15":"product_tag-velo","16":"product_shipping_class-ebook","18":"first","19":"instock","20":"purchasable","21":"product-type-simple"},"yoast_head":"<!-- This site is optimized with the Yoast SEO plugin v27.3 - https:\/\/yoast.com\/product\/yoast-seo-wordpress\/ -->\n<title>CAP ou PAS CAP de traverser la France \u00e0 v\u00e9lo ? (ebook) - 9 \u00e9ditions<\/title>\n<meta name=\"description\" content=\"Thifaine Roussel est partie avec son amie M\u00e9gane pour un nouveau road trip en v\u00e9lo. Cette fois, elle partage son aventure o\u00f9 elle traverse toute la France\" \/>\n<meta name=\"robots\" content=\"index, follow, max-snippet:-1, max-image-preview:large, max-video-preview:-1\" \/>\n<link rel=\"canonical\" href=\"https:\/\/9editions.com\/boutique\/produit\/cap-ou-pas-cap-de-traverser-la-france-a-velo-ebook\/\" \/>\n<meta property=\"og:locale\" content=\"fr_FR\" \/>\n<meta property=\"og:type\" content=\"article\" \/>\n<meta property=\"og:title\" content=\"CAP ou PAS CAP de traverser la France \u00e0 v\u00e9lo ? (ebook) - 9 \u00e9ditions\" \/>\n<meta property=\"og:description\" content=\"Thifaine Roussel est partie avec son amie M\u00e9gane pour un nouveau road trip en v\u00e9lo. Cette fois, elle partage son aventure o\u00f9 elle traverse toute la France\" \/>\n<meta property=\"og:url\" content=\"https:\/\/9editions.com\/boutique\/produit\/cap-ou-pas-cap-de-traverser-la-france-a-velo-ebook\/\" \/>\n<meta property=\"og:site_name\" content=\"9 \u00e9ditions\" \/>\n<meta property=\"article:publisher\" content=\"https:\/\/www.facebook.com\/9editions?ref=bookmarks\" \/>\n<meta property=\"article:modified_time\" content=\"2023-09-18T12:03:07+00:00\" \/>\n<meta property=\"og:image\" content=\"https:\/\/9editions.com\/boutique\/wp-content\/uploads\/2023\/08\/978-2-37727-164-1-1.jpg\" \/>\n\t<meta property=\"og:image:width\" content=\"1771\" \/>\n\t<meta property=\"og:image:height\" content=\"2480\" \/>\n\t<meta property=\"og:image:type\" content=\"image\/jpeg\" \/>\n<meta name=\"twitter:card\" content=\"summary_large_image\" \/>\n<meta name=\"twitter:site\" content=\"@9_editions\" \/>\n<meta name=\"twitter:label1\" content=\"Dur\u00e9e de lecture estim\u00e9e\" \/>\n\t<meta name=\"twitter:data1\" content=\"1 minute\" \/>\n<script type=\"application\/ld+json\" class=\"yoast-schema-graph\">{\"@context\":\"https:\\\/\\\/schema.org\",\"@graph\":[{\"@type\":\"WebPage\",\"@id\":\"https:\\\/\\\/9editions.com\\\/boutique\\\/produit\\\/cap-ou-pas-cap-de-traverser-la-france-a-velo-ebook\\\/\",\"url\":\"https:\\\/\\\/9editions.com\\\/boutique\\\/produit\\\/cap-ou-pas-cap-de-traverser-la-france-a-velo-ebook\\\/\",\"name\":\"CAP ou PAS CAP de traverser la France \u00e0 v\u00e9lo ? (ebook) - 9 \u00e9ditions\",\"isPartOf\":{\"@id\":\"https:\\\/\\\/9editions.com\\\/boutique\\\/#website\"},\"primaryImageOfPage\":{\"@id\":\"https:\\\/\\\/9editions.com\\\/boutique\\\/produit\\\/cap-ou-pas-cap-de-traverser-la-france-a-velo-ebook\\\/#primaryimage\"},\"image\":{\"@id\":\"https:\\\/\\\/9editions.com\\\/boutique\\\/produit\\\/cap-ou-pas-cap-de-traverser-la-france-a-velo-ebook\\\/#primaryimage\"},\"thumbnailUrl\":\"https:\\\/\\\/9editions.com\\\/boutique\\\/wp-content\\\/uploads\\\/2023\\\/08\\\/978-2-37727-164-1-1.jpg\",\"datePublished\":\"2023-08-07T13:13:19+00:00\",\"dateModified\":\"2023-09-18T12:03:07+00:00\",\"description\":\"Thifaine Roussel est partie avec son amie M\u00e9gane pour un nouveau road trip en v\u00e9lo. Cette fois, elle partage son aventure o\u00f9 elle traverse toute la France\",\"breadcrumb\":{\"@id\":\"https:\\\/\\\/9editions.com\\\/boutique\\\/produit\\\/cap-ou-pas-cap-de-traverser-la-france-a-velo-ebook\\\/#breadcrumb\"},\"inLanguage\":\"fr-FR\",\"potentialAction\":[{\"@type\":\"ReadAction\",\"target\":[\"https:\\\/\\\/9editions.com\\\/boutique\\\/produit\\\/cap-ou-pas-cap-de-traverser-la-france-a-velo-ebook\\\/\"]}]},{\"@type\":\"ImageObject\",\"inLanguage\":\"fr-FR\",\"@id\":\"https:\\\/\\\/9editions.com\\\/boutique\\\/produit\\\/cap-ou-pas-cap-de-traverser-la-france-a-velo-ebook\\\/#primaryimage\",\"url\":\"https:\\\/\\\/9editions.com\\\/boutique\\\/wp-content\\\/uploads\\\/2023\\\/08\\\/978-2-37727-164-1-1.jpg\",\"contentUrl\":\"https:\\\/\\\/9editions.com\\\/boutique\\\/wp-content\\\/uploads\\\/2023\\\/08\\\/978-2-37727-164-1-1.jpg\",\"width\":1771,\"height\":2480,\"caption\":\"CAP OU PAS CAP de traverser la France en v\u00e9lo ? Thifaine ROUSSEL 9 \u00e9ditions\"},{\"@type\":\"BreadcrumbList\",\"@id\":\"https:\\\/\\\/9editions.com\\\/boutique\\\/produit\\\/cap-ou-pas-cap-de-traverser-la-france-a-velo-ebook\\\/#breadcrumb\",\"itemListElement\":[{\"@type\":\"ListItem\",\"position\":1,\"name\":\"Accueil\",\"item\":\"https:\\\/\\\/9editions.com\\\/boutique\\\/\"},{\"@type\":\"ListItem\",\"position\":2,\"name\":\"Boutique\",\"item\":\"https:\\\/\\\/9editions.com\\\/boutique\\\/\"},{\"@type\":\"ListItem\",\"position\":3,\"name\":\"CAP ou PAS CAP de traverser la France \u00e0 v\u00e9lo ? (ebook)\"}]},{\"@type\":\"WebSite\",\"@id\":\"https:\\\/\\\/9editions.com\\\/boutique\\\/#website\",\"url\":\"https:\\\/\\\/9editions.com\\\/boutique\\\/\",\"name\":\"9 \u00e9ditions\",\"description\":\"La maison d&#039;\u00e9dition au c\u00f4t\u00e9 des auteurs\",\"publisher\":{\"@id\":\"https:\\\/\\\/9editions.com\\\/boutique\\\/#organization\"},\"potentialAction\":[{\"@type\":\"SearchAction\",\"target\":{\"@type\":\"EntryPoint\",\"urlTemplate\":\"https:\\\/\\\/9editions.com\\\/boutique\\\/?s={search_term_string}\"},\"query-input\":{\"@type\":\"PropertyValueSpecification\",\"valueRequired\":true,\"valueName\":\"search_term_string\"}}],\"inLanguage\":\"fr-FR\"},{\"@type\":\"Organization\",\"@id\":\"https:\\\/\\\/9editions.com\\\/boutique\\\/#organization\",\"name\":\"9 \u00e9ditions\",\"url\":\"https:\\\/\\\/9editions.com\\\/boutique\\\/\",\"logo\":{\"@type\":\"ImageObject\",\"inLanguage\":\"fr-FR\",\"@id\":\"https:\\\/\\\/9editions.com\\\/boutique\\\/#\\\/schema\\\/logo\\\/image\\\/\",\"url\":\"https:\\\/\\\/9editions.com\\\/boutique\\\/wp-content\\\/uploads\\\/2020\\\/03\\\/cropped-9-editions-logo-amazon.jpg\",\"contentUrl\":\"https:\\\/\\\/9editions.com\\\/boutique\\\/wp-content\\\/uploads\\\/2020\\\/03\\\/cropped-9-editions-logo-amazon.jpg\",\"width\":120,\"height\":30,\"caption\":\"9 \u00e9ditions\"},\"image\":{\"@id\":\"https:\\\/\\\/9editions.com\\\/boutique\\\/#\\\/schema\\\/logo\\\/image\\\/\"},\"sameAs\":[\"https:\\\/\\\/www.facebook.com\\\/9editions?ref=bookmarks\",\"https:\\\/\\\/x.com\\\/9_editions\",\"https:\\\/\\\/www.instagram.com\\\/9editions_\\\/\"]}]}<\/script>\n<!-- \/ Yoast SEO plugin. -->","yoast_head_json":{"title":"CAP ou PAS CAP de traverser la France \u00e0 v\u00e9lo ? (ebook) - 9 \u00e9ditions","description":"Thifaine Roussel est partie avec son amie M\u00e9gane pour un nouveau road trip en v\u00e9lo. Cette fois, elle partage son aventure o\u00f9 elle traverse toute la France","robots":{"index":"index","follow":"follow","max-snippet":"max-snippet:-1","max-image-preview":"max-image-preview:large","max-video-preview":"max-video-preview:-1"},"canonical":"https:\/\/9editions.com\/boutique\/produit\/cap-ou-pas-cap-de-traverser-la-france-a-velo-ebook\/","og_locale":"fr_FR","og_type":"article","og_title":"CAP ou PAS CAP de traverser la France \u00e0 v\u00e9lo ? (ebook) - 9 \u00e9ditions","og_description":"Thifaine Roussel est partie avec son amie M\u00e9gane pour un nouveau road trip en v\u00e9lo. Cette fois, elle partage son aventure o\u00f9 elle traverse toute la France","og_url":"https:\/\/9editions.com\/boutique\/produit\/cap-ou-pas-cap-de-traverser-la-france-a-velo-ebook\/","og_site_name":"9 \u00e9ditions","article_publisher":"https:\/\/www.facebook.com\/9editions?ref=bookmarks","article_modified_time":"2023-09-18T12:03:07+00:00","og_image":[{"width":1771,"height":2480,"url":"https:\/\/9editions.com\/boutique\/wp-content\/uploads\/2023\/08\/978-2-37727-164-1-1.jpg","type":"image\/jpeg"}],"twitter_card":"summary_large_image","twitter_site":"@9_editions","twitter_misc":{"Dur\u00e9e de lecture estim\u00e9e":"1 minute"},"schema":{"@context":"https:\/\/schema.org","@graph":[{"@type":"WebPage","@id":"https:\/\/9editions.com\/boutique\/produit\/cap-ou-pas-cap-de-traverser-la-france-a-velo-ebook\/","url":"https:\/\/9editions.com\/boutique\/produit\/cap-ou-pas-cap-de-traverser-la-france-a-velo-ebook\/","name":"CAP ou PAS CAP de traverser la France \u00e0 v\u00e9lo ? (ebook) - 9 \u00e9ditions","isPartOf":{"@id":"https:\/\/9editions.com\/boutique\/#website"},"primaryImageOfPage":{"@id":"https:\/\/9editions.com\/boutique\/produit\/cap-ou-pas-cap-de-traverser-la-france-a-velo-ebook\/#primaryimage"},"image":{"@id":"https:\/\/9editions.com\/boutique\/produit\/cap-ou-pas-cap-de-traverser-la-france-a-velo-ebook\/#primaryimage"},"thumbnailUrl":"https:\/\/9editions.com\/boutique\/wp-content\/uploads\/2023\/08\/978-2-37727-164-1-1.jpg","datePublished":"2023-08-07T13:13:19+00:00","dateModified":"2023-09-18T12:03:07+00:00","description":"Thifaine Roussel est partie avec son amie M\u00e9gane pour un nouveau road trip en v\u00e9lo. Cette fois, elle partage son aventure o\u00f9 elle traverse toute la France","breadcrumb":{"@id":"https:\/\/9editions.com\/boutique\/produit\/cap-ou-pas-cap-de-traverser-la-france-a-velo-ebook\/#breadcrumb"},"inLanguage":"fr-FR","potentialAction":[{"@type":"ReadAction","target":["https:\/\/9editions.com\/boutique\/produit\/cap-ou-pas-cap-de-traverser-la-france-a-velo-ebook\/"]}]},{"@type":"ImageObject","inLanguage":"fr-FR","@id":"https:\/\/9editions.com\/boutique\/produit\/cap-ou-pas-cap-de-traverser-la-france-a-velo-ebook\/#primaryimage","url":"https:\/\/9editions.com\/boutique\/wp-content\/uploads\/2023\/08\/978-2-37727-164-1-1.jpg","contentUrl":"https:\/\/9editions.com\/boutique\/wp-content\/uploads\/2023\/08\/978-2-37727-164-1-1.jpg","width":1771,"height":2480,"caption":"CAP OU PAS CAP de traverser la France en v\u00e9lo ? Thifaine ROUSSEL 9 \u00e9ditions"},{"@type":"BreadcrumbList","@id":"https:\/\/9editions.com\/boutique\/produit\/cap-ou-pas-cap-de-traverser-la-france-a-velo-ebook\/#breadcrumb","itemListElement":[{"@type":"ListItem","position":1,"name":"Accueil","item":"https:\/\/9editions.com\/boutique\/"},{"@type":"ListItem","position":2,"name":"Boutique","item":"https:\/\/9editions.com\/boutique\/"},{"@type":"ListItem","position":3,"name":"CAP ou PAS CAP de traverser la France \u00e0 v\u00e9lo ? (ebook)"}]},{"@type":"WebSite","@id":"https:\/\/9editions.com\/boutique\/#website","url":"https:\/\/9editions.com\/boutique\/","name":"9 \u00e9ditions","description":"La maison d&#039;\u00e9dition au c\u00f4t\u00e9 des auteurs","publisher":{"@id":"https:\/\/9editions.com\/boutique\/#organization"},"potentialAction":[{"@type":"SearchAction","target":{"@type":"EntryPoint","urlTemplate":"https:\/\/9editions.com\/boutique\/?s={search_term_string}"},"query-input":{"@type":"PropertyValueSpecification","valueRequired":true,"valueName":"search_term_string"}}],"inLanguage":"fr-FR"},{"@type":"Organization","@id":"https:\/\/9editions.com\/boutique\/#organization","name":"9 \u00e9ditions","url":"https:\/\/9editions.com\/boutique\/","logo":{"@type":"ImageObject","inLanguage":"fr-FR","@id":"https:\/\/9editions.com\/boutique\/#\/schema\/logo\/image\/","url":"https:\/\/9editions.com\/boutique\/wp-content\/uploads\/2020\/03\/cropped-9-editions-logo-amazon.jpg","contentUrl":"https:\/\/9editions.com\/boutique\/wp-content\/uploads\/2020\/03\/cropped-9-editions-logo-amazon.jpg","width":120,"height":30,"caption":"9 \u00e9ditions"},"image":{"@id":"https:\/\/9editions.com\/boutique\/#\/schema\/logo\/image\/"},"sameAs":["https:\/\/www.facebook.com\/9editions?ref=bookmarks","https:\/\/x.com\/9_editions","https:\/\/www.instagram.com\/9editions_\/"]}]}},"jetpack_sharing_enabled":true,"_links":{"self":[{"href":"https:\/\/9editions.com\/boutique\/wp-json\/wp\/v2\/product\/2520","targetHints":{"allow":["GET"]}}],"collection":[{"href":"https:\/\/9editions.com\/boutique\/wp-json\/wp\/v2\/product"}],"about":[{"href":"https:\/\/9editions.com\/boutique\/wp-json\/wp\/v2\/types\/product"}],"replies":[{"embeddable":true,"href":"https:\/\/9editions.com\/boutique\/wp-json\/wp\/v2\/comments?post=2520"}],"wp:featuredmedia":[{"embeddable":true,"href":"https:\/\/9editions.com\/boutique\/wp-json\/wp\/v2\/media\/2526"}],"wp:attachment":[{"href":"https:\/\/9editions.com\/boutique\/wp-json\/wp\/v2\/media?parent=2520"}],"wp:term":[{"taxonomy":"product_brand","embeddable":true,"href":"https:\/\/9editions.com\/boutique\/wp-json\/wp\/v2\/product_brand?post=2520"},{"taxonomy":"product_cat","embeddable":true,"href":"https:\/\/9editions.com\/boutique\/wp-json\/wp\/v2\/product_cat?post=2520"},{"taxonomy":"product_tag","embeddable":true,"href":"https:\/\/9editions.com\/boutique\/wp-json\/wp\/v2\/product_tag?post=2520"}],"curies":[{"name":"wp","href":"https:\/\/api.w.org\/{rel}","templated":true}]}}