{"id":2505,"date":"2023-06-12T15:41:52","date_gmt":"2023-06-12T13:41:52","guid":{"rendered":"https:\/\/9editions.com\/boutique\/?post_type=product&#038;p=2505"},"modified":"2024-01-10T14:39:05","modified_gmt":"2024-01-10T13:39:05","slug":"vingt-ans-et-des-choses-a-dire","status":"publish","type":"product","link":"https:\/\/9editions.com\/boutique\/produit\/vingt-ans-et-des-choses-a-dire\/","title":{"rendered":"Vingt ans et des choses \u00e0 dire"},"content":{"rendered":"<p>Qu&rsquo;est-ce qu&rsquo;il peut nous arriver quand on est jeune ? Quand tout semble nous sourire ? Quand la raison est ton alli\u00e9e\u0301, qui est ton principal ennemi ? Axelle, jeune ni\u00e7oise de vingt ans, va en faire les frais lorsque son c\u0153ur succombe \u00e0 \u00ab\u00a0l&rsquo;homme interdit\u00a0\u00bb. Commence alors sa descente aux enfers, amplifi\u00e9e par les fant\u00f4mes du pass\u00e9. Entre amours, ambitions et amiti\u00e9s, la jeune fille d\u00e9couvrira ce qui peut changer une vie. Car \u00e0 vingt ans, elle a des choses \u00e0 dire&#8230; Bas\u00e9 sur l\u2019amiti\u00e9, ce roman exprime le d\u00e9sir d\u2019exister. Seul l\u2019environnement amical peut sauver le personnage principal de la d\u00e9pression, de la d\u00e9ch\u00e9ance et des mauvaises fr\u00e9quentations. \u00c0 travers ce livre, un message s\u2019adresse \u00e0 la soci\u00e9t\u00e9 qui minimise l\u2019exp\u00e9rience individuelle en raison de son \u00ab\u00a0\u00e2ge \u00ab\u00a0.<\/p>\n","protected":false},"excerpt":{"rendered":"<p>Pur produit Ni\u00e7ois, Emilie nait et grandit dans sa ville natale. Personne au fort caract\u00e8re, \u00e9picurienne, hyperactive, elle s\u2019\u00e9panouit \u00e0 travers son travail. Passionn\u00e9e d\u2019\u00e9criture, elle d\u00e9cide de se servir de son v\u00e9cu et de connaissances pour d\u00e9crire et lib\u00e9rer la parole sur cette p\u00e9riode d\u00e9terminante dans la construction de son soi adulte.<\/p>\n","protected":false},"featured_media":2507,"comment_status":"open","ping_status":"closed","template":"","meta":[],"product_brand":[],"product_cat":[20,156,32,18,80],"product_tag":[237,218,236,238,219,64],"class_list":{"0":"post-2505","1":"product","2":"type-product","3":"status-publish","6":"product_cat-biographie","7":"product_cat-jeune-adulte","8":"product_cat-livre-broche","9":"product_cat-roman","10":"product_cat-societe","11":"product_tag-emilie-mariani","12":"product_tag-faits-reels","13":"product_tag-femme-fatale","14":"product_tag-jeune-femme","15":"product_tag-roman-autobiographique","16":"product_tag-societe","17":"product_shipping_class-livre","19":"first","20":"instock","21":"purchasable","22":"product-type-simple"},"yoast_head":"<!-- This site is optimized with the Yoast SEO plugin v27.3 - https:\/\/yoast.com\/product\/yoast-seo-wordpress\/ -->\n<title>Vingt ans et des choses \u00e0 dire - 9 \u00e9ditions<\/title>\n<meta name=\"description\" content=\"Vingt ans et des choses \u00e0 dire est le premier tome de la saga de notre auteure Emilie Mariani. Vous pouvez d&#039;ors et d\u00e9j\u00e0 pr\u00e9commander son roman !\" \/>\n<meta name=\"robots\" content=\"index, follow, max-snippet:-1, max-image-preview:large, max-video-preview:-1\" \/>\n<link rel=\"canonical\" href=\"https:\/\/9editions.com\/boutique\/produit\/vingt-ans-et-des-choses-a-dire\/\" \/>\n<meta property=\"og:locale\" content=\"fr_FR\" \/>\n<meta property=\"og:type\" content=\"article\" \/>\n<meta property=\"og:title\" content=\"Vingt ans et des choses \u00e0 dire - 9 \u00e9ditions\" \/>\n<meta property=\"og:description\" content=\"Vingt ans et des choses \u00e0 dire est le premier tome de la saga de notre auteure Emilie Mariani. Vous pouvez d&#039;ors et d\u00e9j\u00e0 pr\u00e9commander son roman !\" \/>\n<meta property=\"og:url\" content=\"https:\/\/9editions.com\/boutique\/produit\/vingt-ans-et-des-choses-a-dire\/\" \/>\n<meta property=\"og:site_name\" content=\"9 \u00e9ditions\" \/>\n<meta property=\"article:publisher\" content=\"https:\/\/www.facebook.com\/9editions?ref=bookmarks\" \/>\n<meta property=\"article:modified_time\" content=\"2024-01-10T13:39:05+00:00\" \/>\n<meta property=\"og:image\" content=\"https:\/\/9editions.com\/boutique\/wp-content\/uploads\/2023\/06\/9editions-20ANS-ET-DES-CHOSES-A-DIRE-MARIANI-Emilie-Front.jpg\" \/>\n\t<meta property=\"og:image:width\" content=\"1713\" \/>\n\t<meta property=\"og:image:height\" content=\"2363\" \/>\n\t<meta property=\"og:image:type\" content=\"image\/jpeg\" \/>\n<meta name=\"twitter:card\" content=\"summary_large_image\" \/>\n<meta name=\"twitter:site\" content=\"@9_editions\" \/>\n<meta name=\"twitter:label1\" content=\"Dur\u00e9e de lecture estim\u00e9e\" \/>\n\t<meta name=\"twitter:data1\" content=\"1 minute\" \/>\n<script type=\"application\/ld+json\" class=\"yoast-schema-graph\">{\"@context\":\"https:\\\/\\\/schema.org\",\"@graph\":[{\"@type\":\"WebPage\",\"@id\":\"https:\\\/\\\/9editions.com\\\/boutique\\\/produit\\\/vingt-ans-et-des-choses-a-dire\\\/\",\"url\":\"https:\\\/\\\/9editions.com\\\/boutique\\\/produit\\\/vingt-ans-et-des-choses-a-dire\\\/\",\"name\":\"Vingt ans et des choses \u00e0 dire - 9 \u00e9ditions\",\"isPartOf\":{\"@id\":\"https:\\\/\\\/9editions.com\\\/boutique\\\/#website\"},\"primaryImageOfPage\":{\"@id\":\"https:\\\/\\\/9editions.com\\\/boutique\\\/produit\\\/vingt-ans-et-des-choses-a-dire\\\/#primaryimage\"},\"image\":{\"@id\":\"https:\\\/\\\/9editions.com\\\/boutique\\\/produit\\\/vingt-ans-et-des-choses-a-dire\\\/#primaryimage\"},\"thumbnailUrl\":\"https:\\\/\\\/9editions.com\\\/boutique\\\/wp-content\\\/uploads\\\/2023\\\/06\\\/9editions-20ANS-ET-DES-CHOSES-A-DIRE-MARIANI-Emilie-Front.jpg\",\"datePublished\":\"2023-06-12T13:41:52+00:00\",\"dateModified\":\"2024-01-10T13:39:05+00:00\",\"description\":\"Vingt ans et des choses \u00e0 dire est le premier tome de la saga de notre auteure Emilie Mariani. Vous pouvez d'ors et d\u00e9j\u00e0 pr\u00e9commander son roman !\",\"breadcrumb\":{\"@id\":\"https:\\\/\\\/9editions.com\\\/boutique\\\/produit\\\/vingt-ans-et-des-choses-a-dire\\\/#breadcrumb\"},\"inLanguage\":\"fr-FR\",\"potentialAction\":[{\"@type\":\"ReadAction\",\"target\":[\"https:\\\/\\\/9editions.com\\\/boutique\\\/produit\\\/vingt-ans-et-des-choses-a-dire\\\/\"]}]},{\"@type\":\"ImageObject\",\"inLanguage\":\"fr-FR\",\"@id\":\"https:\\\/\\\/9editions.com\\\/boutique\\\/produit\\\/vingt-ans-et-des-choses-a-dire\\\/#primaryimage\",\"url\":\"https:\\\/\\\/9editions.com\\\/boutique\\\/wp-content\\\/uploads\\\/2023\\\/06\\\/9editions-20ANS-ET-DES-CHOSES-A-DIRE-MARIANI-Emilie-Front.jpg\",\"contentUrl\":\"https:\\\/\\\/9editions.com\\\/boutique\\\/wp-content\\\/uploads\\\/2023\\\/06\\\/9editions-20ANS-ET-DES-CHOSES-A-DIRE-MARIANI-Emilie-Front.jpg\",\"width\":1713,\"height\":2363,\"caption\":\"Vingt ans et des choses \u00e0 dire de Emile MARIANI publi\u00e9 chez 9 \u00e9ditions\"},{\"@type\":\"BreadcrumbList\",\"@id\":\"https:\\\/\\\/9editions.com\\\/boutique\\\/produit\\\/vingt-ans-et-des-choses-a-dire\\\/#breadcrumb\",\"itemListElement\":[{\"@type\":\"ListItem\",\"position\":1,\"name\":\"Accueil\",\"item\":\"https:\\\/\\\/9editions.com\\\/boutique\\\/\"},{\"@type\":\"ListItem\",\"position\":2,\"name\":\"Boutique\",\"item\":\"https:\\\/\\\/9editions.com\\\/boutique\\\/\"},{\"@type\":\"ListItem\",\"position\":3,\"name\":\"Vingt ans et des choses \u00e0 dire\"}]},{\"@type\":\"WebSite\",\"@id\":\"https:\\\/\\\/9editions.com\\\/boutique\\\/#website\",\"url\":\"https:\\\/\\\/9editions.com\\\/boutique\\\/\",\"name\":\"9 \u00e9ditions\",\"description\":\"La maison d&#039;\u00e9dition au c\u00f4t\u00e9 des auteurs\",\"publisher\":{\"@id\":\"https:\\\/\\\/9editions.com\\\/boutique\\\/#organization\"},\"potentialAction\":[{\"@type\":\"SearchAction\",\"target\":{\"@type\":\"EntryPoint\",\"urlTemplate\":\"https:\\\/\\\/9editions.com\\\/boutique\\\/?s={search_term_string}\"},\"query-input\":{\"@type\":\"PropertyValueSpecification\",\"valueRequired\":true,\"valueName\":\"search_term_string\"}}],\"inLanguage\":\"fr-FR\"},{\"@type\":\"Organization\",\"@id\":\"https:\\\/\\\/9editions.com\\\/boutique\\\/#organization\",\"name\":\"9 \u00e9ditions\",\"url\":\"https:\\\/\\\/9editions.com\\\/boutique\\\/\",\"logo\":{\"@type\":\"ImageObject\",\"inLanguage\":\"fr-FR\",\"@id\":\"https:\\\/\\\/9editions.com\\\/boutique\\\/#\\\/schema\\\/logo\\\/image\\\/\",\"url\":\"https:\\\/\\\/9editions.com\\\/boutique\\\/wp-content\\\/uploads\\\/2020\\\/03\\\/cropped-9-editions-logo-amazon.jpg\",\"contentUrl\":\"https:\\\/\\\/9editions.com\\\/boutique\\\/wp-content\\\/uploads\\\/2020\\\/03\\\/cropped-9-editions-logo-amazon.jpg\",\"width\":120,\"height\":30,\"caption\":\"9 \u00e9ditions\"},\"image\":{\"@id\":\"https:\\\/\\\/9editions.com\\\/boutique\\\/#\\\/schema\\\/logo\\\/image\\\/\"},\"sameAs\":[\"https:\\\/\\\/www.facebook.com\\\/9editions?ref=bookmarks\",\"https:\\\/\\\/x.com\\\/9_editions\",\"https:\\\/\\\/www.instagram.com\\\/9editions_\\\/\"]}]}<\/script>\n<!-- \/ Yoast SEO plugin. -->","yoast_head_json":{"title":"Vingt ans et des choses \u00e0 dire - 9 \u00e9ditions","description":"Vingt ans et des choses \u00e0 dire est le premier tome de la saga de notre auteure Emilie Mariani. Vous pouvez d'ors et d\u00e9j\u00e0 pr\u00e9commander son roman !","robots":{"index":"index","follow":"follow","max-snippet":"max-snippet:-1","max-image-preview":"max-image-preview:large","max-video-preview":"max-video-preview:-1"},"canonical":"https:\/\/9editions.com\/boutique\/produit\/vingt-ans-et-des-choses-a-dire\/","og_locale":"fr_FR","og_type":"article","og_title":"Vingt ans et des choses \u00e0 dire - 9 \u00e9ditions","og_description":"Vingt ans et des choses \u00e0 dire est le premier tome de la saga de notre auteure Emilie Mariani. Vous pouvez d'ors et d\u00e9j\u00e0 pr\u00e9commander son roman !","og_url":"https:\/\/9editions.com\/boutique\/produit\/vingt-ans-et-des-choses-a-dire\/","og_site_name":"9 \u00e9ditions","article_publisher":"https:\/\/www.facebook.com\/9editions?ref=bookmarks","article_modified_time":"2024-01-10T13:39:05+00:00","og_image":[{"width":1713,"height":2363,"url":"https:\/\/9editions.com\/boutique\/wp-content\/uploads\/2023\/06\/9editions-20ANS-ET-DES-CHOSES-A-DIRE-MARIANI-Emilie-Front.jpg","type":"image\/jpeg"}],"twitter_card":"summary_large_image","twitter_site":"@9_editions","twitter_misc":{"Dur\u00e9e de lecture estim\u00e9e":"1 minute"},"schema":{"@context":"https:\/\/schema.org","@graph":[{"@type":"WebPage","@id":"https:\/\/9editions.com\/boutique\/produit\/vingt-ans-et-des-choses-a-dire\/","url":"https:\/\/9editions.com\/boutique\/produit\/vingt-ans-et-des-choses-a-dire\/","name":"Vingt ans et des choses \u00e0 dire - 9 \u00e9ditions","isPartOf":{"@id":"https:\/\/9editions.com\/boutique\/#website"},"primaryImageOfPage":{"@id":"https:\/\/9editions.com\/boutique\/produit\/vingt-ans-et-des-choses-a-dire\/#primaryimage"},"image":{"@id":"https:\/\/9editions.com\/boutique\/produit\/vingt-ans-et-des-choses-a-dire\/#primaryimage"},"thumbnailUrl":"https:\/\/9editions.com\/boutique\/wp-content\/uploads\/2023\/06\/9editions-20ANS-ET-DES-CHOSES-A-DIRE-MARIANI-Emilie-Front.jpg","datePublished":"2023-06-12T13:41:52+00:00","dateModified":"2024-01-10T13:39:05+00:00","description":"Vingt ans et des choses \u00e0 dire est le premier tome de la saga de notre auteure Emilie Mariani. Vous pouvez d'ors et d\u00e9j\u00e0 pr\u00e9commander son roman !","breadcrumb":{"@id":"https:\/\/9editions.com\/boutique\/produit\/vingt-ans-et-des-choses-a-dire\/#breadcrumb"},"inLanguage":"fr-FR","potentialAction":[{"@type":"ReadAction","target":["https:\/\/9editions.com\/boutique\/produit\/vingt-ans-et-des-choses-a-dire\/"]}]},{"@type":"ImageObject","inLanguage":"fr-FR","@id":"https:\/\/9editions.com\/boutique\/produit\/vingt-ans-et-des-choses-a-dire\/#primaryimage","url":"https:\/\/9editions.com\/boutique\/wp-content\/uploads\/2023\/06\/9editions-20ANS-ET-DES-CHOSES-A-DIRE-MARIANI-Emilie-Front.jpg","contentUrl":"https:\/\/9editions.com\/boutique\/wp-content\/uploads\/2023\/06\/9editions-20ANS-ET-DES-CHOSES-A-DIRE-MARIANI-Emilie-Front.jpg","width":1713,"height":2363,"caption":"Vingt ans et des choses \u00e0 dire de Emile MARIANI publi\u00e9 chez 9 \u00e9ditions"},{"@type":"BreadcrumbList","@id":"https:\/\/9editions.com\/boutique\/produit\/vingt-ans-et-des-choses-a-dire\/#breadcrumb","itemListElement":[{"@type":"ListItem","position":1,"name":"Accueil","item":"https:\/\/9editions.com\/boutique\/"},{"@type":"ListItem","position":2,"name":"Boutique","item":"https:\/\/9editions.com\/boutique\/"},{"@type":"ListItem","position":3,"name":"Vingt ans et des choses \u00e0 dire"}]},{"@type":"WebSite","@id":"https:\/\/9editions.com\/boutique\/#website","url":"https:\/\/9editions.com\/boutique\/","name":"9 \u00e9ditions","description":"La maison d&#039;\u00e9dition au c\u00f4t\u00e9 des auteurs","publisher":{"@id":"https:\/\/9editions.com\/boutique\/#organization"},"potentialAction":[{"@type":"SearchAction","target":{"@type":"EntryPoint","urlTemplate":"https:\/\/9editions.com\/boutique\/?s={search_term_string}"},"query-input":{"@type":"PropertyValueSpecification","valueRequired":true,"valueName":"search_term_string"}}],"inLanguage":"fr-FR"},{"@type":"Organization","@id":"https:\/\/9editions.com\/boutique\/#organization","name":"9 \u00e9ditions","url":"https:\/\/9editions.com\/boutique\/","logo":{"@type":"ImageObject","inLanguage":"fr-FR","@id":"https:\/\/9editions.com\/boutique\/#\/schema\/logo\/image\/","url":"https:\/\/9editions.com\/boutique\/wp-content\/uploads\/2020\/03\/cropped-9-editions-logo-amazon.jpg","contentUrl":"https:\/\/9editions.com\/boutique\/wp-content\/uploads\/2020\/03\/cropped-9-editions-logo-amazon.jpg","width":120,"height":30,"caption":"9 \u00e9ditions"},"image":{"@id":"https:\/\/9editions.com\/boutique\/#\/schema\/logo\/image\/"},"sameAs":["https:\/\/www.facebook.com\/9editions?ref=bookmarks","https:\/\/x.com\/9_editions","https:\/\/www.instagram.com\/9editions_\/"]}]}},"jetpack_sharing_enabled":true,"_links":{"self":[{"href":"https:\/\/9editions.com\/boutique\/wp-json\/wp\/v2\/product\/2505","targetHints":{"allow":["GET"]}}],"collection":[{"href":"https:\/\/9editions.com\/boutique\/wp-json\/wp\/v2\/product"}],"about":[{"href":"https:\/\/9editions.com\/boutique\/wp-json\/wp\/v2\/types\/product"}],"replies":[{"embeddable":true,"href":"https:\/\/9editions.com\/boutique\/wp-json\/wp\/v2\/comments?post=2505"}],"wp:featuredmedia":[{"embeddable":true,"href":"https:\/\/9editions.com\/boutique\/wp-json\/wp\/v2\/media\/2507"}],"wp:attachment":[{"href":"https:\/\/9editions.com\/boutique\/wp-json\/wp\/v2\/media?parent=2505"}],"wp:term":[{"taxonomy":"product_brand","embeddable":true,"href":"https:\/\/9editions.com\/boutique\/wp-json\/wp\/v2\/product_brand?post=2505"},{"taxonomy":"product_cat","embeddable":true,"href":"https:\/\/9editions.com\/boutique\/wp-json\/wp\/v2\/product_cat?post=2505"},{"taxonomy":"product_tag","embeddable":true,"href":"https:\/\/9editions.com\/boutique\/wp-json\/wp\/v2\/product_tag?post=2505"}],"curies":[{"name":"wp","href":"https:\/\/api.w.org\/{rel}","templated":true}]}}