{"id":2485,"date":"2023-05-16T19:14:03","date_gmt":"2023-05-16T17:14:03","guid":{"rendered":"https:\/\/9editions.com\/boutique\/?post_type=product&#038;p=2485"},"modified":"2024-09-30T11:04:19","modified_gmt":"2024-09-30T09:04:19","slug":"favoriser-le-dialogue-et-la-comprehension-mutuelle","status":"publish","type":"product","link":"https:\/\/9editions.com\/boutique\/produit\/favoriser-le-dialogue-et-la-comprehension-mutuelle\/","title":{"rendered":"Favoriser le dialogue et la compr\u00e9hension mutuelle"},"content":{"rendered":"<p>Issu de plus de 15 ann\u00e9es d\u2019exp\u00e9rience dans l\u2019accompagnement des \u00e9quipes soignantes et \u00e9ducatives des \u00e9tablissements de soins et d\u2019accueil de personnes, cet ouvrage propose des outils concrets et des m\u00e9thodes utiles pour communiquer de fa\u00e7on constructive, sortir des dynamiques relationnelles difficiles et aller des fonctionnements collectifs plus satisfaisants. L\u2019affirmation de soi, l\u2019\u00e9coute, et la prise de recul y sont tour \u00e0 tour particuli\u00e8rement d\u00e9taill\u00e9es.<\/p>\n","protected":false},"excerpt":{"rendered":"<p>Cet ouvrage s\u2019adresse \u00e0 tous ceux qui savent qu\u2019il est important de soigner sa propre communication, mais aussi occasionnellement de prendre le r\u00f4le de m\u00e9diateur.<br \/>\nIl invite \u00e0 accepter de confronter nos opinions et nos valeurs \u00e0 ceux qui ne pensent pas comme nous, pour tout d\u2019abord penser plus sainement, c\u2019est-\u00e0-dire avec une part de doute, d\u2019humilit\u00e9, d\u2019ouverture d\u2019esprit, de prudence, de libert\u00e9, mais \u00e9galement pour sortir des situations relationnelles difficiles vers des dynamiques collectives plus constructives ; et au bout du compte esp\u00e9rons-le, sortir des \u00e9poques compliqu\u00e9es vers un monde plus humain, plus durable, plus \u00e9cologique.<br \/>\nPour favoriser le dialogue et la compr\u00e9hension mutuelle, il convient d\u2019avoir d\u00e9velopp\u00e9 trois aptitudes qui font l\u2019objet des trois chapitres compl\u00e9mentaires : savoir s\u2019affirmer de fa\u00e7on positive, avoir d\u00e9velopp\u00e9 des capacit\u00e9s d\u2019\u00e9coute qui permettent de s\u2019adapter, et \u00eatre en mesure de conserver une m\u00e9tavision impartiale en toute situation.<\/p>\n","protected":false},"featured_media":2486,"comment_status":"open","ping_status":"closed","template":"","meta":[],"product_brand":[],"product_cat":[32,48],"product_tag":[226,228,227,225,223,230,60],"class_list":{"0":"post-2485","1":"product","2":"type-product","3":"status-publish","6":"product_cat-livre-broche","7":"product_cat-methodologie","8":"product_tag-communication","9":"product_tag-comprehension","10":"product_tag-dialogue","11":"product_tag-formation","12":"product_tag-franck-monier","13":"product_tag-lauriane-formations","14":"product_tag-methodologie","15":"product_shipping_class-meto","17":"first","18":"instock","19":"purchasable","20":"product-type-simple"},"yoast_head":"<!-- This site is optimized with the Yoast SEO plugin v27.5 - https:\/\/yoast.com\/product\/yoast-seo-wordpress\/ -->\n<title>Favoriser le dialogue et la compr\u00e9hension mutuelle - 9 \u00e9ditions<\/title>\n<meta name=\"description\" content=\"D\u00e9couvrez &quot;Favoriser le dialogue et la compr\u00e9hension mutuelle&quot; de Franck Monier, formateur et dirigeant de Lauriane Formations publi\u00e9 par 9 \u00e9ditions\" \/>\n<meta name=\"robots\" content=\"index, follow, max-snippet:-1, max-image-preview:large, max-video-preview:-1\" \/>\n<link rel=\"canonical\" href=\"https:\/\/9editions.com\/boutique\/produit\/favoriser-le-dialogue-et-la-comprehension-mutuelle\/\" \/>\n<meta property=\"og:locale\" content=\"fr_FR\" \/>\n<meta property=\"og:type\" content=\"article\" \/>\n<meta property=\"og:title\" content=\"Favoriser le dialogue et la compr\u00e9hension mutuelle - 9 \u00e9ditions\" \/>\n<meta property=\"og:description\" content=\"D\u00e9couvrez &quot;Favoriser le dialogue et la compr\u00e9hension mutuelle&quot; de Franck Monier, formateur et dirigeant de Lauriane Formations publi\u00e9 par 9 \u00e9ditions\" \/>\n<meta property=\"og:url\" content=\"https:\/\/9editions.com\/boutique\/produit\/favoriser-le-dialogue-et-la-comprehension-mutuelle\/\" \/>\n<meta property=\"og:site_name\" content=\"9 \u00e9ditions\" \/>\n<meta property=\"article:publisher\" content=\"https:\/\/www.facebook.com\/9editions?ref=bookmarks\" \/>\n<meta property=\"article:modified_time\" content=\"2024-09-30T09:04:19+00:00\" \/>\n<meta property=\"og:image\" content=\"https:\/\/9editions.com\/boutique\/wp-content\/uploads\/2023\/05\/1ere-de-couv.png\" \/>\n\t<meta property=\"og:image:width\" content=\"634\" \/>\n\t<meta property=\"og:image:height\" content=\"1025\" \/>\n\t<meta property=\"og:image:type\" content=\"image\/png\" \/>\n<meta name=\"twitter:card\" content=\"summary_large_image\" \/>\n<meta name=\"twitter:site\" content=\"@9_editions\" \/>\n<meta name=\"twitter:label1\" content=\"Dur\u00e9e de lecture estim\u00e9e\" \/>\n\t<meta name=\"twitter:data1\" content=\"1 minute\" \/>\n<script type=\"application\/ld+json\" class=\"yoast-schema-graph\">{\"@context\":\"https:\\\/\\\/schema.org\",\"@graph\":[{\"@type\":\"WebPage\",\"@id\":\"https:\\\/\\\/9editions.com\\\/boutique\\\/produit\\\/favoriser-le-dialogue-et-la-comprehension-mutuelle\\\/\",\"url\":\"https:\\\/\\\/9editions.com\\\/boutique\\\/produit\\\/favoriser-le-dialogue-et-la-comprehension-mutuelle\\\/\",\"name\":\"Favoriser le dialogue et la compr\u00e9hension mutuelle - 9 \u00e9ditions\",\"isPartOf\":{\"@id\":\"https:\\\/\\\/9editions.com\\\/boutique\\\/#website\"},\"primaryImageOfPage\":{\"@id\":\"https:\\\/\\\/9editions.com\\\/boutique\\\/produit\\\/favoriser-le-dialogue-et-la-comprehension-mutuelle\\\/#primaryimage\"},\"image\":{\"@id\":\"https:\\\/\\\/9editions.com\\\/boutique\\\/produit\\\/favoriser-le-dialogue-et-la-comprehension-mutuelle\\\/#primaryimage\"},\"thumbnailUrl\":\"https:\\\/\\\/9editions.com\\\/boutique\\\/wp-content\\\/uploads\\\/2023\\\/05\\\/1ere-de-couv.png\",\"datePublished\":\"2023-05-16T17:14:03+00:00\",\"dateModified\":\"2024-09-30T09:04:19+00:00\",\"description\":\"D\u00e9couvrez \\\"Favoriser le dialogue et la compr\u00e9hension mutuelle\\\" de Franck Monier, formateur et dirigeant de Lauriane Formations publi\u00e9 par 9 \u00e9ditions\",\"breadcrumb\":{\"@id\":\"https:\\\/\\\/9editions.com\\\/boutique\\\/produit\\\/favoriser-le-dialogue-et-la-comprehension-mutuelle\\\/#breadcrumb\"},\"inLanguage\":\"fr-FR\",\"potentialAction\":[{\"@type\":\"ReadAction\",\"target\":[\"https:\\\/\\\/9editions.com\\\/boutique\\\/produit\\\/favoriser-le-dialogue-et-la-comprehension-mutuelle\\\/\"]}]},{\"@type\":\"ImageObject\",\"inLanguage\":\"fr-FR\",\"@id\":\"https:\\\/\\\/9editions.com\\\/boutique\\\/produit\\\/favoriser-le-dialogue-et-la-comprehension-mutuelle\\\/#primaryimage\",\"url\":\"https:\\\/\\\/9editions.com\\\/boutique\\\/wp-content\\\/uploads\\\/2023\\\/05\\\/1ere-de-couv.png\",\"contentUrl\":\"https:\\\/\\\/9editions.com\\\/boutique\\\/wp-content\\\/uploads\\\/2023\\\/05\\\/1ere-de-couv.png\",\"width\":634,\"height\":1025,\"caption\":\"Favoriser le dialogue et la compr\u00e9hension mutuelle\"},{\"@type\":\"BreadcrumbList\",\"@id\":\"https:\\\/\\\/9editions.com\\\/boutique\\\/produit\\\/favoriser-le-dialogue-et-la-comprehension-mutuelle\\\/#breadcrumb\",\"itemListElement\":[{\"@type\":\"ListItem\",\"position\":1,\"name\":\"Accueil\",\"item\":\"https:\\\/\\\/9editions.com\\\/boutique\\\/\"},{\"@type\":\"ListItem\",\"position\":2,\"name\":\"Boutique\",\"item\":\"https:\\\/\\\/9editions.com\\\/boutique\\\/\"},{\"@type\":\"ListItem\",\"position\":3,\"name\":\"Favoriser le dialogue et la compr\u00e9hension mutuelle\"}]},{\"@type\":\"WebSite\",\"@id\":\"https:\\\/\\\/9editions.com\\\/boutique\\\/#website\",\"url\":\"https:\\\/\\\/9editions.com\\\/boutique\\\/\",\"name\":\"9 \u00e9ditions\",\"description\":\"La maison d&#039;\u00e9dition au c\u00f4t\u00e9 des auteurs\",\"publisher\":{\"@id\":\"https:\\\/\\\/9editions.com\\\/boutique\\\/#organization\"},\"potentialAction\":[{\"@type\":\"SearchAction\",\"target\":{\"@type\":\"EntryPoint\",\"urlTemplate\":\"https:\\\/\\\/9editions.com\\\/boutique\\\/?s={search_term_string}\"},\"query-input\":{\"@type\":\"PropertyValueSpecification\",\"valueRequired\":true,\"valueName\":\"search_term_string\"}}],\"inLanguage\":\"fr-FR\"},{\"@type\":\"Organization\",\"@id\":\"https:\\\/\\\/9editions.com\\\/boutique\\\/#organization\",\"name\":\"9 \u00e9ditions\",\"url\":\"https:\\\/\\\/9editions.com\\\/boutique\\\/\",\"logo\":{\"@type\":\"ImageObject\",\"inLanguage\":\"fr-FR\",\"@id\":\"https:\\\/\\\/9editions.com\\\/boutique\\\/#\\\/schema\\\/logo\\\/image\\\/\",\"url\":\"https:\\\/\\\/9editions.com\\\/boutique\\\/wp-content\\\/uploads\\\/2020\\\/03\\\/cropped-9-editions-logo-amazon.jpg\",\"contentUrl\":\"https:\\\/\\\/9editions.com\\\/boutique\\\/wp-content\\\/uploads\\\/2020\\\/03\\\/cropped-9-editions-logo-amazon.jpg\",\"width\":120,\"height\":30,\"caption\":\"9 \u00e9ditions\"},\"image\":{\"@id\":\"https:\\\/\\\/9editions.com\\\/boutique\\\/#\\\/schema\\\/logo\\\/image\\\/\"},\"sameAs\":[\"https:\\\/\\\/www.facebook.com\\\/9editions?ref=bookmarks\",\"https:\\\/\\\/x.com\\\/9_editions\",\"https:\\\/\\\/www.instagram.com\\\/9editions_\\\/\"]}]}<\/script>\n<!-- \/ Yoast SEO plugin. -->","yoast_head_json":{"title":"Favoriser le dialogue et la compr\u00e9hension mutuelle - 9 \u00e9ditions","description":"D\u00e9couvrez \"Favoriser le dialogue et la compr\u00e9hension mutuelle\" de Franck Monier, formateur et dirigeant de Lauriane Formations publi\u00e9 par 9 \u00e9ditions","robots":{"index":"index","follow":"follow","max-snippet":"max-snippet:-1","max-image-preview":"max-image-preview:large","max-video-preview":"max-video-preview:-1"},"canonical":"https:\/\/9editions.com\/boutique\/produit\/favoriser-le-dialogue-et-la-comprehension-mutuelle\/","og_locale":"fr_FR","og_type":"article","og_title":"Favoriser le dialogue et la compr\u00e9hension mutuelle - 9 \u00e9ditions","og_description":"D\u00e9couvrez \"Favoriser le dialogue et la compr\u00e9hension mutuelle\" de Franck Monier, formateur et dirigeant de Lauriane Formations publi\u00e9 par 9 \u00e9ditions","og_url":"https:\/\/9editions.com\/boutique\/produit\/favoriser-le-dialogue-et-la-comprehension-mutuelle\/","og_site_name":"9 \u00e9ditions","article_publisher":"https:\/\/www.facebook.com\/9editions?ref=bookmarks","article_modified_time":"2024-09-30T09:04:19+00:00","og_image":[{"width":634,"height":1025,"url":"https:\/\/9editions.com\/boutique\/wp-content\/uploads\/2023\/05\/1ere-de-couv.png","type":"image\/png"}],"twitter_card":"summary_large_image","twitter_site":"@9_editions","twitter_misc":{"Dur\u00e9e de lecture estim\u00e9e":"1 minute"},"schema":{"@context":"https:\/\/schema.org","@graph":[{"@type":"WebPage","@id":"https:\/\/9editions.com\/boutique\/produit\/favoriser-le-dialogue-et-la-comprehension-mutuelle\/","url":"https:\/\/9editions.com\/boutique\/produit\/favoriser-le-dialogue-et-la-comprehension-mutuelle\/","name":"Favoriser le dialogue et la compr\u00e9hension mutuelle - 9 \u00e9ditions","isPartOf":{"@id":"https:\/\/9editions.com\/boutique\/#website"},"primaryImageOfPage":{"@id":"https:\/\/9editions.com\/boutique\/produit\/favoriser-le-dialogue-et-la-comprehension-mutuelle\/#primaryimage"},"image":{"@id":"https:\/\/9editions.com\/boutique\/produit\/favoriser-le-dialogue-et-la-comprehension-mutuelle\/#primaryimage"},"thumbnailUrl":"https:\/\/9editions.com\/boutique\/wp-content\/uploads\/2023\/05\/1ere-de-couv.png","datePublished":"2023-05-16T17:14:03+00:00","dateModified":"2024-09-30T09:04:19+00:00","description":"D\u00e9couvrez \"Favoriser le dialogue et la compr\u00e9hension mutuelle\" de Franck Monier, formateur et dirigeant de Lauriane Formations publi\u00e9 par 9 \u00e9ditions","breadcrumb":{"@id":"https:\/\/9editions.com\/boutique\/produit\/favoriser-le-dialogue-et-la-comprehension-mutuelle\/#breadcrumb"},"inLanguage":"fr-FR","potentialAction":[{"@type":"ReadAction","target":["https:\/\/9editions.com\/boutique\/produit\/favoriser-le-dialogue-et-la-comprehension-mutuelle\/"]}]},{"@type":"ImageObject","inLanguage":"fr-FR","@id":"https:\/\/9editions.com\/boutique\/produit\/favoriser-le-dialogue-et-la-comprehension-mutuelle\/#primaryimage","url":"https:\/\/9editions.com\/boutique\/wp-content\/uploads\/2023\/05\/1ere-de-couv.png","contentUrl":"https:\/\/9editions.com\/boutique\/wp-content\/uploads\/2023\/05\/1ere-de-couv.png","width":634,"height":1025,"caption":"Favoriser le dialogue et la compr\u00e9hension mutuelle"},{"@type":"BreadcrumbList","@id":"https:\/\/9editions.com\/boutique\/produit\/favoriser-le-dialogue-et-la-comprehension-mutuelle\/#breadcrumb","itemListElement":[{"@type":"ListItem","position":1,"name":"Accueil","item":"https:\/\/9editions.com\/boutique\/"},{"@type":"ListItem","position":2,"name":"Boutique","item":"https:\/\/9editions.com\/boutique\/"},{"@type":"ListItem","position":3,"name":"Favoriser le dialogue et la compr\u00e9hension mutuelle"}]},{"@type":"WebSite","@id":"https:\/\/9editions.com\/boutique\/#website","url":"https:\/\/9editions.com\/boutique\/","name":"9 \u00e9ditions","description":"La maison d&#039;\u00e9dition au c\u00f4t\u00e9 des auteurs","publisher":{"@id":"https:\/\/9editions.com\/boutique\/#organization"},"potentialAction":[{"@type":"SearchAction","target":{"@type":"EntryPoint","urlTemplate":"https:\/\/9editions.com\/boutique\/?s={search_term_string}"},"query-input":{"@type":"PropertyValueSpecification","valueRequired":true,"valueName":"search_term_string"}}],"inLanguage":"fr-FR"},{"@type":"Organization","@id":"https:\/\/9editions.com\/boutique\/#organization","name":"9 \u00e9ditions","url":"https:\/\/9editions.com\/boutique\/","logo":{"@type":"ImageObject","inLanguage":"fr-FR","@id":"https:\/\/9editions.com\/boutique\/#\/schema\/logo\/image\/","url":"https:\/\/9editions.com\/boutique\/wp-content\/uploads\/2020\/03\/cropped-9-editions-logo-amazon.jpg","contentUrl":"https:\/\/9editions.com\/boutique\/wp-content\/uploads\/2020\/03\/cropped-9-editions-logo-amazon.jpg","width":120,"height":30,"caption":"9 \u00e9ditions"},"image":{"@id":"https:\/\/9editions.com\/boutique\/#\/schema\/logo\/image\/"},"sameAs":["https:\/\/www.facebook.com\/9editions?ref=bookmarks","https:\/\/x.com\/9_editions","https:\/\/www.instagram.com\/9editions_\/"]}]}},"jetpack_sharing_enabled":true,"_links":{"self":[{"href":"https:\/\/9editions.com\/boutique\/wp-json\/wp\/v2\/product\/2485","targetHints":{"allow":["GET"]}}],"collection":[{"href":"https:\/\/9editions.com\/boutique\/wp-json\/wp\/v2\/product"}],"about":[{"href":"https:\/\/9editions.com\/boutique\/wp-json\/wp\/v2\/types\/product"}],"replies":[{"embeddable":true,"href":"https:\/\/9editions.com\/boutique\/wp-json\/wp\/v2\/comments?post=2485"}],"wp:featuredmedia":[{"embeddable":true,"href":"https:\/\/9editions.com\/boutique\/wp-json\/wp\/v2\/media\/2486"}],"wp:attachment":[{"href":"https:\/\/9editions.com\/boutique\/wp-json\/wp\/v2\/media?parent=2485"}],"wp:term":[{"taxonomy":"product_brand","embeddable":true,"href":"https:\/\/9editions.com\/boutique\/wp-json\/wp\/v2\/product_brand?post=2485"},{"taxonomy":"product_cat","embeddable":true,"href":"https:\/\/9editions.com\/boutique\/wp-json\/wp\/v2\/product_cat?post=2485"},{"taxonomy":"product_tag","embeddable":true,"href":"https:\/\/9editions.com\/boutique\/wp-json\/wp\/v2\/product_tag?post=2485"}],"curies":[{"name":"wp","href":"https:\/\/api.w.org\/{rel}","templated":true}]}}