{"id":244,"date":"2022-09-28T12:06:10","date_gmt":"2022-09-28T10:06:10","guid":{"rendered":"https:\/\/9editions.com\/boutique\/?post_type=product&#038;p=244"},"modified":"2023-01-17T17:31:18","modified_gmt":"2023-01-17T16:31:18","slug":"ladoption-du-reve-aux-desillusions","status":"publish","type":"product","link":"https:\/\/9editions.com\/boutique\/produit\/ladoption-du-reve-aux-desillusions\/","title":{"rendered":"L&rsquo;adoption du r\u00eave aux d\u00e9sillusions"},"content":{"rendered":"<p>Rien ne pr\u00e9destinait Pascale et Joy \u00e0 se rencontrer, et encore moins \u00e0 ce qu\u2019elles deviennent m\u00e8re et fille, et pourtant, d\u00e9termin\u00e9e \u00e0 fonder une famille, Pascale est all\u00e9e chercher sa fille au bout du monde.<br \/>\nUn parcours du combattant l\u2019attend pour devenir la maman de cet enfant au Vietnam.<br \/>\nMalgr\u00e9 un amour fou, tiss\u00e9 au fil du temps, les choses ne se passeront pas comme pr\u00e9vu.<br \/>\nDans ce t\u00e9moignage, au-del\u00e0 du deuil d\u2019une m\u00e8re, c\u2019est la souffrance indicible d\u2019une enfant et d\u2019une femme qui continuent leur route, chacune de leur c\u00f4t\u00e9, abim\u00e9es mais grandies aussi par les \u00e9preuves de la vie. <\/p>\n","protected":false},"excerpt":{"rendered":"<p>Rien ne pr\u00e9destinait Pascale et Joy \u00e0 se rencontrer, et encore moins \u00e0 ce qu\u2019elles deviennent m\u00e8re et fille, et pourtant, d\u00e9termin\u00e9e \u00e0 fonder une famille, Pascale est all\u00e9e chercher sa fille au bout du monde.<br \/>\nUn parcours du combattant l\u2019attend pour devenir la maman de cet enfant au Vietnam.<br \/>\nMalgr\u00e9 un amour fou, tiss\u00e9 au fil du temps, les choses ne se passeront pas comme pr\u00e9vu.<br \/>\nDans ce t\u00e9moignage, au-del\u00e0 du deuil d\u2019une m\u00e8re, c\u2019est la souffrance indicible d\u2019une enfant et d\u2019une femme qui continuent leur route, chacune de leur c\u00f4t\u00e9, abim\u00e9es mais grandies aussi par les \u00e9preuves de la vie. <\/p>\n","protected":false},"featured_media":242,"comment_status":"open","ping_status":"closed","template":"","meta":[],"product_brand":[],"product_cat":[20,32,18],"product_tag":[53,58,54,55],"class_list":{"0":"post-244","1":"product","2":"type-product","3":"status-publish","6":"product_cat-biographie","7":"product_cat-livre-broche","8":"product_cat-roman","9":"product_tag-adoption","10":"product_tag-biographie","11":"product_tag-ladoption-du-reve-aux-desillusions","12":"product_tag-pascale-couvert-hecquet","13":"product_shipping_class-livre","15":"first","16":"instock","17":"purchasable","18":"product-type-simple"},"yoast_head":"<!-- This site is optimized with the Yoast SEO plugin v27.5 - https:\/\/yoast.com\/product\/yoast-seo-wordpress\/ -->\n<title>L&#039;adoption du r\u00eave aux d\u00e9sillusions - 9 \u00e9ditions<\/title>\n<meta name=\"description\" content=\"Pascale Couvert Hecquet t\u00e9moigne de son parcours pour adopter sa fille puis son histoire avec cette enfant tant d\u00e9sir\u00e9e. \u00c9mouvante biographie\" \/>\n<meta name=\"robots\" content=\"index, follow, max-snippet:-1, max-image-preview:large, max-video-preview:-1\" \/>\n<link rel=\"canonical\" href=\"https:\/\/9editions.com\/boutique\/produit\/ladoption-du-reve-aux-desillusions\/\" \/>\n<meta property=\"og:locale\" content=\"fr_FR\" \/>\n<meta property=\"og:type\" content=\"article\" \/>\n<meta property=\"og:title\" content=\"L&#039;adoption du r\u00eave aux d\u00e9sillusions - 9 \u00e9ditions\" \/>\n<meta property=\"og:description\" content=\"Pascale Couvert Hecquet t\u00e9moigne de son parcours pour adopter sa fille puis son histoire avec cette enfant tant d\u00e9sir\u00e9e. \u00c9mouvante biographie\" \/>\n<meta property=\"og:url\" content=\"https:\/\/9editions.com\/boutique\/produit\/ladoption-du-reve-aux-desillusions\/\" \/>\n<meta property=\"og:site_name\" content=\"9 \u00e9ditions\" \/>\n<meta property=\"article:publisher\" content=\"https:\/\/www.facebook.com\/9editions?ref=bookmarks\" \/>\n<meta property=\"article:modified_time\" content=\"2023-01-17T16:31:18+00:00\" \/>\n<meta property=\"og:image\" content=\"https:\/\/9editions.com\/boutique\/wp-content\/uploads\/2022\/09\/9editions-LIVRE-PASCALE-COUVERT-HECQUET-BAT-FRONT.jpg\" \/>\n\t<meta property=\"og:image:width\" content=\"1709\" \/>\n\t<meta property=\"og:image:height\" content=\"2363\" \/>\n\t<meta property=\"og:image:type\" content=\"image\/jpeg\" \/>\n<meta name=\"twitter:card\" content=\"summary_large_image\" \/>\n<meta name=\"twitter:site\" content=\"@9_editions\" \/>\n<script type=\"application\/ld+json\" class=\"yoast-schema-graph\">{\"@context\":\"https:\\\/\\\/schema.org\",\"@graph\":[{\"@type\":\"WebPage\",\"@id\":\"https:\\\/\\\/9editions.com\\\/boutique\\\/produit\\\/ladoption-du-reve-aux-desillusions\\\/\",\"url\":\"https:\\\/\\\/9editions.com\\\/boutique\\\/produit\\\/ladoption-du-reve-aux-desillusions\\\/\",\"name\":\"L'adoption du r\u00eave aux d\u00e9sillusions - 9 \u00e9ditions\",\"isPartOf\":{\"@id\":\"https:\\\/\\\/9editions.com\\\/boutique\\\/#website\"},\"primaryImageOfPage\":{\"@id\":\"https:\\\/\\\/9editions.com\\\/boutique\\\/produit\\\/ladoption-du-reve-aux-desillusions\\\/#primaryimage\"},\"image\":{\"@id\":\"https:\\\/\\\/9editions.com\\\/boutique\\\/produit\\\/ladoption-du-reve-aux-desillusions\\\/#primaryimage\"},\"thumbnailUrl\":\"https:\\\/\\\/9editions.com\\\/boutique\\\/wp-content\\\/uploads\\\/2022\\\/09\\\/9editions-LIVRE-PASCALE-COUVERT-HECQUET-BAT-FRONT.jpg\",\"datePublished\":\"2022-09-28T10:06:10+00:00\",\"dateModified\":\"2023-01-17T16:31:18+00:00\",\"description\":\"Pascale Couvert Hecquet t\u00e9moigne de son parcours pour adopter sa fille puis son histoire avec cette enfant tant d\u00e9sir\u00e9e. \u00c9mouvante biographie\",\"breadcrumb\":{\"@id\":\"https:\\\/\\\/9editions.com\\\/boutique\\\/produit\\\/ladoption-du-reve-aux-desillusions\\\/#breadcrumb\"},\"inLanguage\":\"fr-FR\",\"potentialAction\":[{\"@type\":\"ReadAction\",\"target\":[\"https:\\\/\\\/9editions.com\\\/boutique\\\/produit\\\/ladoption-du-reve-aux-desillusions\\\/\"]}]},{\"@type\":\"ImageObject\",\"inLanguage\":\"fr-FR\",\"@id\":\"https:\\\/\\\/9editions.com\\\/boutique\\\/produit\\\/ladoption-du-reve-aux-desillusions\\\/#primaryimage\",\"url\":\"https:\\\/\\\/9editions.com\\\/boutique\\\/wp-content\\\/uploads\\\/2022\\\/09\\\/9editions-LIVRE-PASCALE-COUVERT-HECQUET-BAT-FRONT.jpg\",\"contentUrl\":\"https:\\\/\\\/9editions.com\\\/boutique\\\/wp-content\\\/uploads\\\/2022\\\/09\\\/9editions-LIVRE-PASCALE-COUVERT-HECQUET-BAT-FRONT.jpg\",\"width\":1709,\"height\":2363},{\"@type\":\"BreadcrumbList\",\"@id\":\"https:\\\/\\\/9editions.com\\\/boutique\\\/produit\\\/ladoption-du-reve-aux-desillusions\\\/#breadcrumb\",\"itemListElement\":[{\"@type\":\"ListItem\",\"position\":1,\"name\":\"Accueil\",\"item\":\"https:\\\/\\\/9editions.com\\\/boutique\\\/\"},{\"@type\":\"ListItem\",\"position\":2,\"name\":\"Boutique\",\"item\":\"https:\\\/\\\/9editions.com\\\/boutique\\\/\"},{\"@type\":\"ListItem\",\"position\":3,\"name\":\"L&rsquo;adoption du r\u00eave aux d\u00e9sillusions\"}]},{\"@type\":\"WebSite\",\"@id\":\"https:\\\/\\\/9editions.com\\\/boutique\\\/#website\",\"url\":\"https:\\\/\\\/9editions.com\\\/boutique\\\/\",\"name\":\"9 \u00e9ditions\",\"description\":\"La maison d&#039;\u00e9dition au c\u00f4t\u00e9 des auteurs\",\"publisher\":{\"@id\":\"https:\\\/\\\/9editions.com\\\/boutique\\\/#organization\"},\"potentialAction\":[{\"@type\":\"SearchAction\",\"target\":{\"@type\":\"EntryPoint\",\"urlTemplate\":\"https:\\\/\\\/9editions.com\\\/boutique\\\/?s={search_term_string}\"},\"query-input\":{\"@type\":\"PropertyValueSpecification\",\"valueRequired\":true,\"valueName\":\"search_term_string\"}}],\"inLanguage\":\"fr-FR\"},{\"@type\":\"Organization\",\"@id\":\"https:\\\/\\\/9editions.com\\\/boutique\\\/#organization\",\"name\":\"9 \u00e9ditions\",\"url\":\"https:\\\/\\\/9editions.com\\\/boutique\\\/\",\"logo\":{\"@type\":\"ImageObject\",\"inLanguage\":\"fr-FR\",\"@id\":\"https:\\\/\\\/9editions.com\\\/boutique\\\/#\\\/schema\\\/logo\\\/image\\\/\",\"url\":\"https:\\\/\\\/9editions.com\\\/boutique\\\/wp-content\\\/uploads\\\/2020\\\/03\\\/cropped-9-editions-logo-amazon.jpg\",\"contentUrl\":\"https:\\\/\\\/9editions.com\\\/boutique\\\/wp-content\\\/uploads\\\/2020\\\/03\\\/cropped-9-editions-logo-amazon.jpg\",\"width\":120,\"height\":30,\"caption\":\"9 \u00e9ditions\"},\"image\":{\"@id\":\"https:\\\/\\\/9editions.com\\\/boutique\\\/#\\\/schema\\\/logo\\\/image\\\/\"},\"sameAs\":[\"https:\\\/\\\/www.facebook.com\\\/9editions?ref=bookmarks\",\"https:\\\/\\\/x.com\\\/9_editions\",\"https:\\\/\\\/www.instagram.com\\\/9editions_\\\/\"]}]}<\/script>\n<!-- \/ Yoast SEO plugin. -->","yoast_head_json":{"title":"L'adoption du r\u00eave aux d\u00e9sillusions - 9 \u00e9ditions","description":"Pascale Couvert Hecquet t\u00e9moigne de son parcours pour adopter sa fille puis son histoire avec cette enfant tant d\u00e9sir\u00e9e. \u00c9mouvante biographie","robots":{"index":"index","follow":"follow","max-snippet":"max-snippet:-1","max-image-preview":"max-image-preview:large","max-video-preview":"max-video-preview:-1"},"canonical":"https:\/\/9editions.com\/boutique\/produit\/ladoption-du-reve-aux-desillusions\/","og_locale":"fr_FR","og_type":"article","og_title":"L'adoption du r\u00eave aux d\u00e9sillusions - 9 \u00e9ditions","og_description":"Pascale Couvert Hecquet t\u00e9moigne de son parcours pour adopter sa fille puis son histoire avec cette enfant tant d\u00e9sir\u00e9e. \u00c9mouvante biographie","og_url":"https:\/\/9editions.com\/boutique\/produit\/ladoption-du-reve-aux-desillusions\/","og_site_name":"9 \u00e9ditions","article_publisher":"https:\/\/www.facebook.com\/9editions?ref=bookmarks","article_modified_time":"2023-01-17T16:31:18+00:00","og_image":[{"width":1709,"height":2363,"url":"https:\/\/9editions.com\/boutique\/wp-content\/uploads\/2022\/09\/9editions-LIVRE-PASCALE-COUVERT-HECQUET-BAT-FRONT.jpg","type":"image\/jpeg"}],"twitter_card":"summary_large_image","twitter_site":"@9_editions","schema":{"@context":"https:\/\/schema.org","@graph":[{"@type":"WebPage","@id":"https:\/\/9editions.com\/boutique\/produit\/ladoption-du-reve-aux-desillusions\/","url":"https:\/\/9editions.com\/boutique\/produit\/ladoption-du-reve-aux-desillusions\/","name":"L'adoption du r\u00eave aux d\u00e9sillusions - 9 \u00e9ditions","isPartOf":{"@id":"https:\/\/9editions.com\/boutique\/#website"},"primaryImageOfPage":{"@id":"https:\/\/9editions.com\/boutique\/produit\/ladoption-du-reve-aux-desillusions\/#primaryimage"},"image":{"@id":"https:\/\/9editions.com\/boutique\/produit\/ladoption-du-reve-aux-desillusions\/#primaryimage"},"thumbnailUrl":"https:\/\/9editions.com\/boutique\/wp-content\/uploads\/2022\/09\/9editions-LIVRE-PASCALE-COUVERT-HECQUET-BAT-FRONT.jpg","datePublished":"2022-09-28T10:06:10+00:00","dateModified":"2023-01-17T16:31:18+00:00","description":"Pascale Couvert Hecquet t\u00e9moigne de son parcours pour adopter sa fille puis son histoire avec cette enfant tant d\u00e9sir\u00e9e. \u00c9mouvante biographie","breadcrumb":{"@id":"https:\/\/9editions.com\/boutique\/produit\/ladoption-du-reve-aux-desillusions\/#breadcrumb"},"inLanguage":"fr-FR","potentialAction":[{"@type":"ReadAction","target":["https:\/\/9editions.com\/boutique\/produit\/ladoption-du-reve-aux-desillusions\/"]}]},{"@type":"ImageObject","inLanguage":"fr-FR","@id":"https:\/\/9editions.com\/boutique\/produit\/ladoption-du-reve-aux-desillusions\/#primaryimage","url":"https:\/\/9editions.com\/boutique\/wp-content\/uploads\/2022\/09\/9editions-LIVRE-PASCALE-COUVERT-HECQUET-BAT-FRONT.jpg","contentUrl":"https:\/\/9editions.com\/boutique\/wp-content\/uploads\/2022\/09\/9editions-LIVRE-PASCALE-COUVERT-HECQUET-BAT-FRONT.jpg","width":1709,"height":2363},{"@type":"BreadcrumbList","@id":"https:\/\/9editions.com\/boutique\/produit\/ladoption-du-reve-aux-desillusions\/#breadcrumb","itemListElement":[{"@type":"ListItem","position":1,"name":"Accueil","item":"https:\/\/9editions.com\/boutique\/"},{"@type":"ListItem","position":2,"name":"Boutique","item":"https:\/\/9editions.com\/boutique\/"},{"@type":"ListItem","position":3,"name":"L&rsquo;adoption du r\u00eave aux d\u00e9sillusions"}]},{"@type":"WebSite","@id":"https:\/\/9editions.com\/boutique\/#website","url":"https:\/\/9editions.com\/boutique\/","name":"9 \u00e9ditions","description":"La maison d&#039;\u00e9dition au c\u00f4t\u00e9 des auteurs","publisher":{"@id":"https:\/\/9editions.com\/boutique\/#organization"},"potentialAction":[{"@type":"SearchAction","target":{"@type":"EntryPoint","urlTemplate":"https:\/\/9editions.com\/boutique\/?s={search_term_string}"},"query-input":{"@type":"PropertyValueSpecification","valueRequired":true,"valueName":"search_term_string"}}],"inLanguage":"fr-FR"},{"@type":"Organization","@id":"https:\/\/9editions.com\/boutique\/#organization","name":"9 \u00e9ditions","url":"https:\/\/9editions.com\/boutique\/","logo":{"@type":"ImageObject","inLanguage":"fr-FR","@id":"https:\/\/9editions.com\/boutique\/#\/schema\/logo\/image\/","url":"https:\/\/9editions.com\/boutique\/wp-content\/uploads\/2020\/03\/cropped-9-editions-logo-amazon.jpg","contentUrl":"https:\/\/9editions.com\/boutique\/wp-content\/uploads\/2020\/03\/cropped-9-editions-logo-amazon.jpg","width":120,"height":30,"caption":"9 \u00e9ditions"},"image":{"@id":"https:\/\/9editions.com\/boutique\/#\/schema\/logo\/image\/"},"sameAs":["https:\/\/www.facebook.com\/9editions?ref=bookmarks","https:\/\/x.com\/9_editions","https:\/\/www.instagram.com\/9editions_\/"]}]}},"jetpack_sharing_enabled":true,"_links":{"self":[{"href":"https:\/\/9editions.com\/boutique\/wp-json\/wp\/v2\/product\/244","targetHints":{"allow":["GET"]}}],"collection":[{"href":"https:\/\/9editions.com\/boutique\/wp-json\/wp\/v2\/product"}],"about":[{"href":"https:\/\/9editions.com\/boutique\/wp-json\/wp\/v2\/types\/product"}],"replies":[{"embeddable":true,"href":"https:\/\/9editions.com\/boutique\/wp-json\/wp\/v2\/comments?post=244"}],"wp:featuredmedia":[{"embeddable":true,"href":"https:\/\/9editions.com\/boutique\/wp-json\/wp\/v2\/media\/242"}],"wp:attachment":[{"href":"https:\/\/9editions.com\/boutique\/wp-json\/wp\/v2\/media?parent=244"}],"wp:term":[{"taxonomy":"product_brand","embeddable":true,"href":"https:\/\/9editions.com\/boutique\/wp-json\/wp\/v2\/product_brand?post=244"},{"taxonomy":"product_cat","embeddable":true,"href":"https:\/\/9editions.com\/boutique\/wp-json\/wp\/v2\/product_cat?post=244"},{"taxonomy":"product_tag","embeddable":true,"href":"https:\/\/9editions.com\/boutique\/wp-json\/wp\/v2\/product_tag?post=244"}],"curies":[{"name":"wp","href":"https:\/\/api.w.org\/{rel}","templated":true}]}}