{"id":235,"date":"2022-09-28T10:58:18","date_gmt":"2022-09-28T08:58:18","guid":{"rendered":"https:\/\/9editions.com\/boutique\/?post_type=product&#038;p=235"},"modified":"2024-11-28T08:04:58","modified_gmt":"2024-11-28T07:04:58","slug":"pack-andy-walid-bd","status":"publish","type":"product","link":"https:\/\/9editions.com\/boutique\/produit\/pack-andy-walid-bd\/","title":{"rendered":"Pack Andy &#038; Walid (BD)"},"content":{"rendered":"<h1>D\u00e9couvrez les deux tomes de la bande dessin\u00e9e qui offre un regard nouveau sur le handicap<\/h1>\n<p>Vous n&rsquo;avez pas encore eu l&rsquo;occasion de commander le Tome 1 alors que voici le Tome 2 !<br \/>\nNous avons tout pr\u00e9vu, 9 \u00e9ditions vous propose une remise pour l&rsquo;achat des 2 BD.<br \/>\nVous \u00e9conomisez ainsi sur le montant de la commande comme sur les frais de port.<\/p>\n<p>Cet ouvrage r\u00e9alis\u00e9 par Fred King et Georges Emmanuel Moutiez, vous propose de d\u00e9couvrir les aventures d&rsquo;un jeune parapl\u00e9gique.<br \/>\nAinsi vous verrez des sc\u00e8nes de la vie quotidienne d&rsquo;une personne en fauteuil roulant trait\u00e9 avec humour.<br \/>\nEn effet, cette bande dessin\u00e9e est destin\u00e9e aux jeunes enfants comme aux adultes.<\/p>\n","protected":false},"excerpt":{"rendered":"<h1>D\u00e9couvrez les deux tomes de la bande dessin\u00e9e qui offre un regard nouveau sur le handicap<\/h1>\n<p>Vous n&rsquo;avez pas encore eu l&rsquo;occasion de commander le Tome 1 alors que voici le Tome 2 !<br \/>\nNous avons tout pr\u00e9vu, 9 \u00e9ditions vous propose une remise pour l&rsquo;achat des 2 BD.<br \/>\nVous \u00e9conomisez ainsi sur le montant de la commande comme sur les frais de port.<\/p>\n<p>Cet ouvrage r\u00e9alis\u00e9 par Fred King et Georges Emmanuel Moutiez, vous propose de d\u00e9couvrir les aventures d&rsquo;un jeune parapl\u00e9gique.<br \/>\nAinsi vous verrez des sc\u00e8nes de la vie quotidienne d&rsquo;une personne en fauteuil roulant trait\u00e9 avec humour.<br \/>\nEn effet, cette bande dessin\u00e9e est destin\u00e9e aux jeunes enfants comme aux adultes.<\/p>\n","protected":false},"featured_media":226,"comment_status":"open","ping_status":"closed","template":"","meta":[],"product_brand":[],"product_cat":[36,21],"product_tag":[45,38,39,46,47],"class_list":{"0":"post-235","1":"product","2":"type-product","3":"status-publish","6":"product_cat-aventures","7":"product_cat-bande-dessinee","8":"product_tag-andy-walid","9":"product_tag-bande-dessinee","10":"product_tag-handicap","11":"product_tag-pack","12":"product_tag-tome-1-et-tome-2","13":"product_shipping_class-pack","15":"first","16":"instock","17":"sale","18":"purchasable","19":"product-type-simple"},"yoast_head":"<!-- This site is optimized with the Yoast SEO plugin v27.3 - https:\/\/yoast.com\/product\/yoast-seo-wordpress\/ -->\n<title>Pack Andy &amp; Walid (BD) - 9 \u00e9ditions<\/title>\n<meta name=\"description\" content=\"9 \u00e9ditions vous propose le pack Andy &amp; Walid Tome 1 et 2 \u00e0 prix r\u00e9duit. D\u00e9couvrez les aventures d&#039;un jeune parapl\u00e9gique Andy et de son ami W\" \/>\n<meta name=\"robots\" content=\"index, follow, max-snippet:-1, max-image-preview:large, max-video-preview:-1\" \/>\n<link rel=\"canonical\" href=\"https:\/\/9editions.com\/boutique\/produit\/pack-andy-walid-bd\/\" \/>\n<meta property=\"og:locale\" content=\"fr_FR\" \/>\n<meta property=\"og:type\" content=\"article\" \/>\n<meta property=\"og:title\" content=\"Pack Andy &amp; Walid (BD) - 9 \u00e9ditions\" \/>\n<meta property=\"og:description\" content=\"9 \u00e9ditions vous propose le pack Andy &amp; Walid Tome 1 et 2 \u00e0 prix r\u00e9duit. D\u00e9couvrez les aventures d&#039;un jeune parapl\u00e9gique Andy et de son ami W\" \/>\n<meta property=\"og:url\" content=\"https:\/\/9editions.com\/boutique\/produit\/pack-andy-walid-bd\/\" \/>\n<meta property=\"og:site_name\" content=\"9 \u00e9ditions\" \/>\n<meta property=\"article:publisher\" content=\"https:\/\/www.facebook.com\/9editions?ref=bookmarks\" \/>\n<meta property=\"article:modified_time\" content=\"2024-11-28T07:04:58+00:00\" \/>\n<meta property=\"og:image\" content=\"https:\/\/9editions.com\/boutique\/wp-content\/uploads\/2022\/09\/9-Editions-Andy-Walid-tome2-Front-scaled.jpg\" \/>\n\t<meta property=\"og:image:width\" content=\"1613\" \/>\n\t<meta property=\"og:image:height\" content=\"2560\" \/>\n\t<meta property=\"og:image:type\" content=\"image\/jpeg\" \/>\n<meta name=\"twitter:card\" content=\"summary_large_image\" \/>\n<meta name=\"twitter:site\" content=\"@9_editions\" \/>\n<meta name=\"twitter:label1\" content=\"Dur\u00e9e de lecture estim\u00e9e\" \/>\n\t<meta name=\"twitter:data1\" content=\"1 minute\" \/>\n<script type=\"application\/ld+json\" class=\"yoast-schema-graph\">{\"@context\":\"https:\\\/\\\/schema.org\",\"@graph\":[{\"@type\":\"WebPage\",\"@id\":\"https:\\\/\\\/9editions.com\\\/boutique\\\/produit\\\/pack-andy-walid-bd\\\/\",\"url\":\"https:\\\/\\\/9editions.com\\\/boutique\\\/produit\\\/pack-andy-walid-bd\\\/\",\"name\":\"Pack Andy & Walid (BD) - 9 \u00e9ditions\",\"isPartOf\":{\"@id\":\"https:\\\/\\\/9editions.com\\\/boutique\\\/#website\"},\"primaryImageOfPage\":{\"@id\":\"https:\\\/\\\/9editions.com\\\/boutique\\\/produit\\\/pack-andy-walid-bd\\\/#primaryimage\"},\"image\":{\"@id\":\"https:\\\/\\\/9editions.com\\\/boutique\\\/produit\\\/pack-andy-walid-bd\\\/#primaryimage\"},\"thumbnailUrl\":\"https:\\\/\\\/9editions.com\\\/boutique\\\/wp-content\\\/uploads\\\/2022\\\/09\\\/9-Editions-Andy-Walid-tome2-Front-scaled.jpg\",\"datePublished\":\"2022-09-28T08:58:18+00:00\",\"dateModified\":\"2024-11-28T07:04:58+00:00\",\"description\":\"9 \u00e9ditions vous propose le pack Andy & Walid Tome 1 et 2 \u00e0 prix r\u00e9duit. D\u00e9couvrez les aventures d'un jeune parapl\u00e9gique Andy et de son ami W\",\"breadcrumb\":{\"@id\":\"https:\\\/\\\/9editions.com\\\/boutique\\\/produit\\\/pack-andy-walid-bd\\\/#breadcrumb\"},\"inLanguage\":\"fr-FR\",\"potentialAction\":[{\"@type\":\"ReadAction\",\"target\":[\"https:\\\/\\\/9editions.com\\\/boutique\\\/produit\\\/pack-andy-walid-bd\\\/\"]}]},{\"@type\":\"ImageObject\",\"inLanguage\":\"fr-FR\",\"@id\":\"https:\\\/\\\/9editions.com\\\/boutique\\\/produit\\\/pack-andy-walid-bd\\\/#primaryimage\",\"url\":\"https:\\\/\\\/9editions.com\\\/boutique\\\/wp-content\\\/uploads\\\/2022\\\/09\\\/9-Editions-Andy-Walid-tome2-Front-scaled.jpg\",\"contentUrl\":\"https:\\\/\\\/9editions.com\\\/boutique\\\/wp-content\\\/uploads\\\/2022\\\/09\\\/9-Editions-Andy-Walid-tome2-Front-scaled.jpg\",\"width\":1613,\"height\":2560},{\"@type\":\"BreadcrumbList\",\"@id\":\"https:\\\/\\\/9editions.com\\\/boutique\\\/produit\\\/pack-andy-walid-bd\\\/#breadcrumb\",\"itemListElement\":[{\"@type\":\"ListItem\",\"position\":1,\"name\":\"Accueil\",\"item\":\"https:\\\/\\\/9editions.com\\\/boutique\\\/\"},{\"@type\":\"ListItem\",\"position\":2,\"name\":\"Boutique\",\"item\":\"https:\\\/\\\/9editions.com\\\/boutique\\\/\"},{\"@type\":\"ListItem\",\"position\":3,\"name\":\"Pack Andy &#038; Walid (BD)\"}]},{\"@type\":\"WebSite\",\"@id\":\"https:\\\/\\\/9editions.com\\\/boutique\\\/#website\",\"url\":\"https:\\\/\\\/9editions.com\\\/boutique\\\/\",\"name\":\"9 \u00e9ditions\",\"description\":\"La maison d&#039;\u00e9dition au c\u00f4t\u00e9 des auteurs\",\"publisher\":{\"@id\":\"https:\\\/\\\/9editions.com\\\/boutique\\\/#organization\"},\"potentialAction\":[{\"@type\":\"SearchAction\",\"target\":{\"@type\":\"EntryPoint\",\"urlTemplate\":\"https:\\\/\\\/9editions.com\\\/boutique\\\/?s={search_term_string}\"},\"query-input\":{\"@type\":\"PropertyValueSpecification\",\"valueRequired\":true,\"valueName\":\"search_term_string\"}}],\"inLanguage\":\"fr-FR\"},{\"@type\":\"Organization\",\"@id\":\"https:\\\/\\\/9editions.com\\\/boutique\\\/#organization\",\"name\":\"9 \u00e9ditions\",\"url\":\"https:\\\/\\\/9editions.com\\\/boutique\\\/\",\"logo\":{\"@type\":\"ImageObject\",\"inLanguage\":\"fr-FR\",\"@id\":\"https:\\\/\\\/9editions.com\\\/boutique\\\/#\\\/schema\\\/logo\\\/image\\\/\",\"url\":\"https:\\\/\\\/9editions.com\\\/boutique\\\/wp-content\\\/uploads\\\/2020\\\/03\\\/cropped-9-editions-logo-amazon.jpg\",\"contentUrl\":\"https:\\\/\\\/9editions.com\\\/boutique\\\/wp-content\\\/uploads\\\/2020\\\/03\\\/cropped-9-editions-logo-amazon.jpg\",\"width\":120,\"height\":30,\"caption\":\"9 \u00e9ditions\"},\"image\":{\"@id\":\"https:\\\/\\\/9editions.com\\\/boutique\\\/#\\\/schema\\\/logo\\\/image\\\/\"},\"sameAs\":[\"https:\\\/\\\/www.facebook.com\\\/9editions?ref=bookmarks\",\"https:\\\/\\\/x.com\\\/9_editions\",\"https:\\\/\\\/www.instagram.com\\\/9editions_\\\/\"]}]}<\/script>\n<!-- \/ Yoast SEO plugin. -->","yoast_head_json":{"title":"Pack Andy & Walid (BD) - 9 \u00e9ditions","description":"9 \u00e9ditions vous propose le pack Andy & Walid Tome 1 et 2 \u00e0 prix r\u00e9duit. D\u00e9couvrez les aventures d'un jeune parapl\u00e9gique Andy et de son ami W","robots":{"index":"index","follow":"follow","max-snippet":"max-snippet:-1","max-image-preview":"max-image-preview:large","max-video-preview":"max-video-preview:-1"},"canonical":"https:\/\/9editions.com\/boutique\/produit\/pack-andy-walid-bd\/","og_locale":"fr_FR","og_type":"article","og_title":"Pack Andy & Walid (BD) - 9 \u00e9ditions","og_description":"9 \u00e9ditions vous propose le pack Andy & Walid Tome 1 et 2 \u00e0 prix r\u00e9duit. D\u00e9couvrez les aventures d'un jeune parapl\u00e9gique Andy et de son ami W","og_url":"https:\/\/9editions.com\/boutique\/produit\/pack-andy-walid-bd\/","og_site_name":"9 \u00e9ditions","article_publisher":"https:\/\/www.facebook.com\/9editions?ref=bookmarks","article_modified_time":"2024-11-28T07:04:58+00:00","og_image":[{"width":1613,"height":2560,"url":"https:\/\/9editions.com\/boutique\/wp-content\/uploads\/2022\/09\/9-Editions-Andy-Walid-tome2-Front-scaled.jpg","type":"image\/jpeg"}],"twitter_card":"summary_large_image","twitter_site":"@9_editions","twitter_misc":{"Dur\u00e9e de lecture estim\u00e9e":"1 minute"},"schema":{"@context":"https:\/\/schema.org","@graph":[{"@type":"WebPage","@id":"https:\/\/9editions.com\/boutique\/produit\/pack-andy-walid-bd\/","url":"https:\/\/9editions.com\/boutique\/produit\/pack-andy-walid-bd\/","name":"Pack Andy & Walid (BD) - 9 \u00e9ditions","isPartOf":{"@id":"https:\/\/9editions.com\/boutique\/#website"},"primaryImageOfPage":{"@id":"https:\/\/9editions.com\/boutique\/produit\/pack-andy-walid-bd\/#primaryimage"},"image":{"@id":"https:\/\/9editions.com\/boutique\/produit\/pack-andy-walid-bd\/#primaryimage"},"thumbnailUrl":"https:\/\/9editions.com\/boutique\/wp-content\/uploads\/2022\/09\/9-Editions-Andy-Walid-tome2-Front-scaled.jpg","datePublished":"2022-09-28T08:58:18+00:00","dateModified":"2024-11-28T07:04:58+00:00","description":"9 \u00e9ditions vous propose le pack Andy & Walid Tome 1 et 2 \u00e0 prix r\u00e9duit. D\u00e9couvrez les aventures d'un jeune parapl\u00e9gique Andy et de son ami W","breadcrumb":{"@id":"https:\/\/9editions.com\/boutique\/produit\/pack-andy-walid-bd\/#breadcrumb"},"inLanguage":"fr-FR","potentialAction":[{"@type":"ReadAction","target":["https:\/\/9editions.com\/boutique\/produit\/pack-andy-walid-bd\/"]}]},{"@type":"ImageObject","inLanguage":"fr-FR","@id":"https:\/\/9editions.com\/boutique\/produit\/pack-andy-walid-bd\/#primaryimage","url":"https:\/\/9editions.com\/boutique\/wp-content\/uploads\/2022\/09\/9-Editions-Andy-Walid-tome2-Front-scaled.jpg","contentUrl":"https:\/\/9editions.com\/boutique\/wp-content\/uploads\/2022\/09\/9-Editions-Andy-Walid-tome2-Front-scaled.jpg","width":1613,"height":2560},{"@type":"BreadcrumbList","@id":"https:\/\/9editions.com\/boutique\/produit\/pack-andy-walid-bd\/#breadcrumb","itemListElement":[{"@type":"ListItem","position":1,"name":"Accueil","item":"https:\/\/9editions.com\/boutique\/"},{"@type":"ListItem","position":2,"name":"Boutique","item":"https:\/\/9editions.com\/boutique\/"},{"@type":"ListItem","position":3,"name":"Pack Andy &#038; Walid (BD)"}]},{"@type":"WebSite","@id":"https:\/\/9editions.com\/boutique\/#website","url":"https:\/\/9editions.com\/boutique\/","name":"9 \u00e9ditions","description":"La maison d&#039;\u00e9dition au c\u00f4t\u00e9 des auteurs","publisher":{"@id":"https:\/\/9editions.com\/boutique\/#organization"},"potentialAction":[{"@type":"SearchAction","target":{"@type":"EntryPoint","urlTemplate":"https:\/\/9editions.com\/boutique\/?s={search_term_string}"},"query-input":{"@type":"PropertyValueSpecification","valueRequired":true,"valueName":"search_term_string"}}],"inLanguage":"fr-FR"},{"@type":"Organization","@id":"https:\/\/9editions.com\/boutique\/#organization","name":"9 \u00e9ditions","url":"https:\/\/9editions.com\/boutique\/","logo":{"@type":"ImageObject","inLanguage":"fr-FR","@id":"https:\/\/9editions.com\/boutique\/#\/schema\/logo\/image\/","url":"https:\/\/9editions.com\/boutique\/wp-content\/uploads\/2020\/03\/cropped-9-editions-logo-amazon.jpg","contentUrl":"https:\/\/9editions.com\/boutique\/wp-content\/uploads\/2020\/03\/cropped-9-editions-logo-amazon.jpg","width":120,"height":30,"caption":"9 \u00e9ditions"},"image":{"@id":"https:\/\/9editions.com\/boutique\/#\/schema\/logo\/image\/"},"sameAs":["https:\/\/www.facebook.com\/9editions?ref=bookmarks","https:\/\/x.com\/9_editions","https:\/\/www.instagram.com\/9editions_\/"]}]}},"jetpack_sharing_enabled":true,"_links":{"self":[{"href":"https:\/\/9editions.com\/boutique\/wp-json\/wp\/v2\/product\/235","targetHints":{"allow":["GET"]}}],"collection":[{"href":"https:\/\/9editions.com\/boutique\/wp-json\/wp\/v2\/product"}],"about":[{"href":"https:\/\/9editions.com\/boutique\/wp-json\/wp\/v2\/types\/product"}],"replies":[{"embeddable":true,"href":"https:\/\/9editions.com\/boutique\/wp-json\/wp\/v2\/comments?post=235"}],"wp:featuredmedia":[{"embeddable":true,"href":"https:\/\/9editions.com\/boutique\/wp-json\/wp\/v2\/media\/226"}],"wp:attachment":[{"href":"https:\/\/9editions.com\/boutique\/wp-json\/wp\/v2\/media?parent=235"}],"wp:term":[{"taxonomy":"product_brand","embeddable":true,"href":"https:\/\/9editions.com\/boutique\/wp-json\/wp\/v2\/product_brand?post=235"},{"taxonomy":"product_cat","embeddable":true,"href":"https:\/\/9editions.com\/boutique\/wp-json\/wp\/v2\/product_cat?post=235"},{"taxonomy":"product_tag","embeddable":true,"href":"https:\/\/9editions.com\/boutique\/wp-json\/wp\/v2\/product_tag?post=235"}],"curies":[{"name":"wp","href":"https:\/\/api.w.org\/{rel}","templated":true}]}}