{"id":220,"date":"2022-09-28T09:09:30","date_gmt":"2022-09-28T07:09:30","guid":{"rendered":"https:\/\/9editions.com\/boutique\/?post_type=product&#038;p=220"},"modified":"2023-01-17T17:32:59","modified_gmt":"2023-01-17T16:32:59","slug":"la-symphonie-desaccordee-du-litteroral-ebook","status":"publish","type":"product","link":"https:\/\/9editions.com\/boutique\/produit\/la-symphonie-desaccordee-du-litteroral-ebook\/","title":{"rendered":"La symphonie d\u00e9saccord\u00e9e du litt\u00e9roral (ebook)"},"content":{"rendered":"<p>No\u00e9mie et sa fille Lise posent leurs valises dans la maison d\u2019Antoine, un pianiste de renom qui vit dans une soudaine solitude, sur le littoral de la c\u00f4te normande. Il les a invit\u00e9es amicalement le temps d\u2019un week-end et leur a m\u00eame promis un concert priv\u00e9.<\/p>\n<p>Mais le soir venu, le compositeur, cens\u00e9 remettre la pr\u00e9cieuse partition \u00e0 Antoine, ne vient pas. Alors qu\u2019Antoine ne cesse de croire en son retour, les deux femmes se posent des questions. Pourquoi cette disparition\u00a0? Pourquoi ce pseudo-autisme d\u2019Antoine et ces \u00e9tranges rituels avec son piano\u00a0?<\/p>\n<p>Il semble fuir l\u2019atmosph\u00e8re oppressante du littoral, par la musique et la chaleur pesante de l\u2019\u00e9t\u00e9 met sa maison en danger\u2026 de mani\u00e8re tr\u00e8s singuli\u00e8re\u00a0!<\/p>\n","protected":false},"excerpt":{"rendered":"<p>No\u00e9mie et sa fille Lise posent leurs valises dans la maison d\u2019Antoine, un pianiste de renom qui vit dans une soudaine solitude, sur le littoral de la c\u00f4te normande. Il les a invit\u00e9es amicalement le temps d\u2019un week-end et leur a m\u00eame promis un concert priv\u00e9. Mais le soir venu, le compositeur, cens\u00e9 remettre la pr\u00e9cieuse partition \u00e0 Antoine, ne vient pas. Alors qu\u2019Antoine ne cesse de croire en son retour, les deux femmes se posent des questions. Pourquoi cette disparition ? Pourquoi ce pseudo-autisme d\u2019Antoine et ces \u00e9tranges rituels avec son piano ? Il semble fuir l\u2019atmosph\u00e8re oppressante du littoral, par la musique et la chaleur pesante de l\u2019\u00e9t\u00e9 met sa maison en danger\u2026 de mani\u00e8re tr\u00e8s singuli\u00e8re\u00a0!<\/p>\n","protected":false},"featured_media":222,"comment_status":"open","ping_status":"closed","template":"","meta":[],"product_brand":[],"product_cat":[29,33],"product_tag":[34,35],"class_list":{"0":"post-220","1":"product","2":"type-product","3":"status-publish","6":"product_cat-ebook","7":"product_cat-piece-de-theatre","8":"product_tag-gregoire-blondel","9":"product_tag-piece-de-theatre","10":"product_shipping_class-ebook","12":"first","13":"instock","14":"purchasable","15":"product-type-simple"},"yoast_head":"<!-- This site is optimized with the Yoast SEO plugin v27.3 - https:\/\/yoast.com\/product\/yoast-seo-wordpress\/ -->\n<title>La symphonie d\u00e9saccord\u00e9e du litt\u00e9roral (ebook) - 9 \u00e9ditions<\/title>\n<meta name=\"description\" content=\"D\u00e9couvrez la pi\u00e8ce de th\u00e9\u00e2tre La symphonie d\u00e9saccord\u00e9e du littoral de Gr\u00e9goire Blondel publi\u00e9 chez 9 \u00e9ditions\" \/>\n<meta name=\"robots\" content=\"index, follow, max-snippet:-1, max-image-preview:large, max-video-preview:-1\" \/>\n<link rel=\"canonical\" href=\"https:\/\/9editions.com\/boutique\/produit\/la-symphonie-desaccordee-du-litteroral-ebook\/\" \/>\n<meta property=\"og:locale\" content=\"fr_FR\" \/>\n<meta property=\"og:type\" content=\"article\" \/>\n<meta property=\"og:title\" content=\"La symphonie d\u00e9saccord\u00e9e du litt\u00e9roral (ebook) - 9 \u00e9ditions\" \/>\n<meta property=\"og:description\" content=\"D\u00e9couvrez la pi\u00e8ce de th\u00e9\u00e2tre La symphonie d\u00e9saccord\u00e9e du littoral de Gr\u00e9goire Blondel publi\u00e9 chez 9 \u00e9ditions\" \/>\n<meta property=\"og:url\" content=\"https:\/\/9editions.com\/boutique\/produit\/la-symphonie-desaccordee-du-litteroral-ebook\/\" \/>\n<meta property=\"og:site_name\" content=\"9 \u00e9ditions\" \/>\n<meta property=\"article:publisher\" content=\"https:\/\/www.facebook.com\/9editions?ref=bookmarks\" \/>\n<meta property=\"article:modified_time\" content=\"2023-01-17T16:32:59+00:00\" \/>\n<meta property=\"og:image\" content=\"https:\/\/9editions.com\/boutique\/wp-content\/uploads\/2022\/09\/9-Editions-Gregoire-Bondel-La-Symphonie-desaccordee-du-littoral-Front.jpg\" \/>\n\t<meta property=\"og:image:width\" content=\"1714\" \/>\n\t<meta property=\"og:image:height\" content=\"2363\" \/>\n\t<meta property=\"og:image:type\" content=\"image\/jpeg\" \/>\n<meta name=\"twitter:card\" content=\"summary_large_image\" \/>\n<meta name=\"twitter:site\" content=\"@9_editions\" \/>\n<meta name=\"twitter:label1\" content=\"Dur\u00e9e de lecture estim\u00e9e\" \/>\n\t<meta name=\"twitter:data1\" content=\"1 minute\" \/>\n<script type=\"application\/ld+json\" class=\"yoast-schema-graph\">{\"@context\":\"https:\\\/\\\/schema.org\",\"@graph\":[{\"@type\":\"WebPage\",\"@id\":\"https:\\\/\\\/9editions.com\\\/boutique\\\/produit\\\/la-symphonie-desaccordee-du-litteroral-ebook\\\/\",\"url\":\"https:\\\/\\\/9editions.com\\\/boutique\\\/produit\\\/la-symphonie-desaccordee-du-litteroral-ebook\\\/\",\"name\":\"La symphonie d\u00e9saccord\u00e9e du litt\u00e9roral (ebook) - 9 \u00e9ditions\",\"isPartOf\":{\"@id\":\"https:\\\/\\\/9editions.com\\\/boutique\\\/#website\"},\"primaryImageOfPage\":{\"@id\":\"https:\\\/\\\/9editions.com\\\/boutique\\\/produit\\\/la-symphonie-desaccordee-du-litteroral-ebook\\\/#primaryimage\"},\"image\":{\"@id\":\"https:\\\/\\\/9editions.com\\\/boutique\\\/produit\\\/la-symphonie-desaccordee-du-litteroral-ebook\\\/#primaryimage\"},\"thumbnailUrl\":\"https:\\\/\\\/9editions.com\\\/boutique\\\/wp-content\\\/uploads\\\/2022\\\/09\\\/9-Editions-Gregoire-Bondel-La-Symphonie-desaccordee-du-littoral-Front.jpg\",\"datePublished\":\"2022-09-28T07:09:30+00:00\",\"dateModified\":\"2023-01-17T16:32:59+00:00\",\"description\":\"D\u00e9couvrez la pi\u00e8ce de th\u00e9\u00e2tre La symphonie d\u00e9saccord\u00e9e du littoral de Gr\u00e9goire Blondel publi\u00e9 chez 9 \u00e9ditions\",\"breadcrumb\":{\"@id\":\"https:\\\/\\\/9editions.com\\\/boutique\\\/produit\\\/la-symphonie-desaccordee-du-litteroral-ebook\\\/#breadcrumb\"},\"inLanguage\":\"fr-FR\",\"potentialAction\":[{\"@type\":\"ReadAction\",\"target\":[\"https:\\\/\\\/9editions.com\\\/boutique\\\/produit\\\/la-symphonie-desaccordee-du-litteroral-ebook\\\/\"]}]},{\"@type\":\"ImageObject\",\"inLanguage\":\"fr-FR\",\"@id\":\"https:\\\/\\\/9editions.com\\\/boutique\\\/produit\\\/la-symphonie-desaccordee-du-litteroral-ebook\\\/#primaryimage\",\"url\":\"https:\\\/\\\/9editions.com\\\/boutique\\\/wp-content\\\/uploads\\\/2022\\\/09\\\/9-Editions-Gregoire-Bondel-La-Symphonie-desaccordee-du-littoral-Front.jpg\",\"contentUrl\":\"https:\\\/\\\/9editions.com\\\/boutique\\\/wp-content\\\/uploads\\\/2022\\\/09\\\/9-Editions-Gregoire-Bondel-La-Symphonie-desaccordee-du-littoral-Front.jpg\",\"width\":1714,\"height\":2363},{\"@type\":\"BreadcrumbList\",\"@id\":\"https:\\\/\\\/9editions.com\\\/boutique\\\/produit\\\/la-symphonie-desaccordee-du-litteroral-ebook\\\/#breadcrumb\",\"itemListElement\":[{\"@type\":\"ListItem\",\"position\":1,\"name\":\"Accueil\",\"item\":\"https:\\\/\\\/9editions.com\\\/boutique\\\/\"},{\"@type\":\"ListItem\",\"position\":2,\"name\":\"Boutique\",\"item\":\"https:\\\/\\\/9editions.com\\\/boutique\\\/\"},{\"@type\":\"ListItem\",\"position\":3,\"name\":\"La symphonie d\u00e9saccord\u00e9e du litt\u00e9roral (ebook)\"}]},{\"@type\":\"WebSite\",\"@id\":\"https:\\\/\\\/9editions.com\\\/boutique\\\/#website\",\"url\":\"https:\\\/\\\/9editions.com\\\/boutique\\\/\",\"name\":\"9 \u00e9ditions\",\"description\":\"La maison d&#039;\u00e9dition au c\u00f4t\u00e9 des auteurs\",\"publisher\":{\"@id\":\"https:\\\/\\\/9editions.com\\\/boutique\\\/#organization\"},\"potentialAction\":[{\"@type\":\"SearchAction\",\"target\":{\"@type\":\"EntryPoint\",\"urlTemplate\":\"https:\\\/\\\/9editions.com\\\/boutique\\\/?s={search_term_string}\"},\"query-input\":{\"@type\":\"PropertyValueSpecification\",\"valueRequired\":true,\"valueName\":\"search_term_string\"}}],\"inLanguage\":\"fr-FR\"},{\"@type\":\"Organization\",\"@id\":\"https:\\\/\\\/9editions.com\\\/boutique\\\/#organization\",\"name\":\"9 \u00e9ditions\",\"url\":\"https:\\\/\\\/9editions.com\\\/boutique\\\/\",\"logo\":{\"@type\":\"ImageObject\",\"inLanguage\":\"fr-FR\",\"@id\":\"https:\\\/\\\/9editions.com\\\/boutique\\\/#\\\/schema\\\/logo\\\/image\\\/\",\"url\":\"https:\\\/\\\/9editions.com\\\/boutique\\\/wp-content\\\/uploads\\\/2020\\\/03\\\/cropped-9-editions-logo-amazon.jpg\",\"contentUrl\":\"https:\\\/\\\/9editions.com\\\/boutique\\\/wp-content\\\/uploads\\\/2020\\\/03\\\/cropped-9-editions-logo-amazon.jpg\",\"width\":120,\"height\":30,\"caption\":\"9 \u00e9ditions\"},\"image\":{\"@id\":\"https:\\\/\\\/9editions.com\\\/boutique\\\/#\\\/schema\\\/logo\\\/image\\\/\"},\"sameAs\":[\"https:\\\/\\\/www.facebook.com\\\/9editions?ref=bookmarks\",\"https:\\\/\\\/x.com\\\/9_editions\",\"https:\\\/\\\/www.instagram.com\\\/9editions_\\\/\"]}]}<\/script>\n<!-- \/ Yoast SEO plugin. -->","yoast_head_json":{"title":"La symphonie d\u00e9saccord\u00e9e du litt\u00e9roral (ebook) - 9 \u00e9ditions","description":"D\u00e9couvrez la pi\u00e8ce de th\u00e9\u00e2tre La symphonie d\u00e9saccord\u00e9e du littoral de Gr\u00e9goire Blondel publi\u00e9 chez 9 \u00e9ditions","robots":{"index":"index","follow":"follow","max-snippet":"max-snippet:-1","max-image-preview":"max-image-preview:large","max-video-preview":"max-video-preview:-1"},"canonical":"https:\/\/9editions.com\/boutique\/produit\/la-symphonie-desaccordee-du-litteroral-ebook\/","og_locale":"fr_FR","og_type":"article","og_title":"La symphonie d\u00e9saccord\u00e9e du litt\u00e9roral (ebook) - 9 \u00e9ditions","og_description":"D\u00e9couvrez la pi\u00e8ce de th\u00e9\u00e2tre La symphonie d\u00e9saccord\u00e9e du littoral de Gr\u00e9goire Blondel publi\u00e9 chez 9 \u00e9ditions","og_url":"https:\/\/9editions.com\/boutique\/produit\/la-symphonie-desaccordee-du-litteroral-ebook\/","og_site_name":"9 \u00e9ditions","article_publisher":"https:\/\/www.facebook.com\/9editions?ref=bookmarks","article_modified_time":"2023-01-17T16:32:59+00:00","og_image":[{"width":1714,"height":2363,"url":"https:\/\/9editions.com\/boutique\/wp-content\/uploads\/2022\/09\/9-Editions-Gregoire-Bondel-La-Symphonie-desaccordee-du-littoral-Front.jpg","type":"image\/jpeg"}],"twitter_card":"summary_large_image","twitter_site":"@9_editions","twitter_misc":{"Dur\u00e9e de lecture estim\u00e9e":"1 minute"},"schema":{"@context":"https:\/\/schema.org","@graph":[{"@type":"WebPage","@id":"https:\/\/9editions.com\/boutique\/produit\/la-symphonie-desaccordee-du-litteroral-ebook\/","url":"https:\/\/9editions.com\/boutique\/produit\/la-symphonie-desaccordee-du-litteroral-ebook\/","name":"La symphonie d\u00e9saccord\u00e9e du litt\u00e9roral (ebook) - 9 \u00e9ditions","isPartOf":{"@id":"https:\/\/9editions.com\/boutique\/#website"},"primaryImageOfPage":{"@id":"https:\/\/9editions.com\/boutique\/produit\/la-symphonie-desaccordee-du-litteroral-ebook\/#primaryimage"},"image":{"@id":"https:\/\/9editions.com\/boutique\/produit\/la-symphonie-desaccordee-du-litteroral-ebook\/#primaryimage"},"thumbnailUrl":"https:\/\/9editions.com\/boutique\/wp-content\/uploads\/2022\/09\/9-Editions-Gregoire-Bondel-La-Symphonie-desaccordee-du-littoral-Front.jpg","datePublished":"2022-09-28T07:09:30+00:00","dateModified":"2023-01-17T16:32:59+00:00","description":"D\u00e9couvrez la pi\u00e8ce de th\u00e9\u00e2tre La symphonie d\u00e9saccord\u00e9e du littoral de Gr\u00e9goire Blondel publi\u00e9 chez 9 \u00e9ditions","breadcrumb":{"@id":"https:\/\/9editions.com\/boutique\/produit\/la-symphonie-desaccordee-du-litteroral-ebook\/#breadcrumb"},"inLanguage":"fr-FR","potentialAction":[{"@type":"ReadAction","target":["https:\/\/9editions.com\/boutique\/produit\/la-symphonie-desaccordee-du-litteroral-ebook\/"]}]},{"@type":"ImageObject","inLanguage":"fr-FR","@id":"https:\/\/9editions.com\/boutique\/produit\/la-symphonie-desaccordee-du-litteroral-ebook\/#primaryimage","url":"https:\/\/9editions.com\/boutique\/wp-content\/uploads\/2022\/09\/9-Editions-Gregoire-Bondel-La-Symphonie-desaccordee-du-littoral-Front.jpg","contentUrl":"https:\/\/9editions.com\/boutique\/wp-content\/uploads\/2022\/09\/9-Editions-Gregoire-Bondel-La-Symphonie-desaccordee-du-littoral-Front.jpg","width":1714,"height":2363},{"@type":"BreadcrumbList","@id":"https:\/\/9editions.com\/boutique\/produit\/la-symphonie-desaccordee-du-litteroral-ebook\/#breadcrumb","itemListElement":[{"@type":"ListItem","position":1,"name":"Accueil","item":"https:\/\/9editions.com\/boutique\/"},{"@type":"ListItem","position":2,"name":"Boutique","item":"https:\/\/9editions.com\/boutique\/"},{"@type":"ListItem","position":3,"name":"La symphonie d\u00e9saccord\u00e9e du litt\u00e9roral (ebook)"}]},{"@type":"WebSite","@id":"https:\/\/9editions.com\/boutique\/#website","url":"https:\/\/9editions.com\/boutique\/","name":"9 \u00e9ditions","description":"La maison d&#039;\u00e9dition au c\u00f4t\u00e9 des auteurs","publisher":{"@id":"https:\/\/9editions.com\/boutique\/#organization"},"potentialAction":[{"@type":"SearchAction","target":{"@type":"EntryPoint","urlTemplate":"https:\/\/9editions.com\/boutique\/?s={search_term_string}"},"query-input":{"@type":"PropertyValueSpecification","valueRequired":true,"valueName":"search_term_string"}}],"inLanguage":"fr-FR"},{"@type":"Organization","@id":"https:\/\/9editions.com\/boutique\/#organization","name":"9 \u00e9ditions","url":"https:\/\/9editions.com\/boutique\/","logo":{"@type":"ImageObject","inLanguage":"fr-FR","@id":"https:\/\/9editions.com\/boutique\/#\/schema\/logo\/image\/","url":"https:\/\/9editions.com\/boutique\/wp-content\/uploads\/2020\/03\/cropped-9-editions-logo-amazon.jpg","contentUrl":"https:\/\/9editions.com\/boutique\/wp-content\/uploads\/2020\/03\/cropped-9-editions-logo-amazon.jpg","width":120,"height":30,"caption":"9 \u00e9ditions"},"image":{"@id":"https:\/\/9editions.com\/boutique\/#\/schema\/logo\/image\/"},"sameAs":["https:\/\/www.facebook.com\/9editions?ref=bookmarks","https:\/\/x.com\/9_editions","https:\/\/www.instagram.com\/9editions_\/"]}]}},"jetpack_sharing_enabled":true,"_links":{"self":[{"href":"https:\/\/9editions.com\/boutique\/wp-json\/wp\/v2\/product\/220","targetHints":{"allow":["GET"]}}],"collection":[{"href":"https:\/\/9editions.com\/boutique\/wp-json\/wp\/v2\/product"}],"about":[{"href":"https:\/\/9editions.com\/boutique\/wp-json\/wp\/v2\/types\/product"}],"replies":[{"embeddable":true,"href":"https:\/\/9editions.com\/boutique\/wp-json\/wp\/v2\/comments?post=220"}],"wp:featuredmedia":[{"embeddable":true,"href":"https:\/\/9editions.com\/boutique\/wp-json\/wp\/v2\/media\/222"}],"wp:attachment":[{"href":"https:\/\/9editions.com\/boutique\/wp-json\/wp\/v2\/media?parent=220"}],"wp:term":[{"taxonomy":"product_brand","embeddable":true,"href":"https:\/\/9editions.com\/boutique\/wp-json\/wp\/v2\/product_brand?post=220"},{"taxonomy":"product_cat","embeddable":true,"href":"https:\/\/9editions.com\/boutique\/wp-json\/wp\/v2\/product_cat?post=220"},{"taxonomy":"product_tag","embeddable":true,"href":"https:\/\/9editions.com\/boutique\/wp-json\/wp\/v2\/product_tag?post=220"}],"curies":[{"name":"wp","href":"https:\/\/api.w.org\/{rel}","templated":true}]}}